{"id":167204,"date":"2025-12-04T13:54:55","date_gmt":"2025-12-04T12:54:55","guid":{"rendered":"https:\/\/fabyreilly.com\/product\/modele-mini-sapins-de-noel\/"},"modified":"2025-12-04T14:55:43","modified_gmt":"2025-12-04T13:55:43","slug":"modele-mini-sapins-de-noel","status":"publish","type":"product","link":"https:\/\/fabyreilly.com\/fr\/produit\/modele-mini-sapins-de-noel\/","title":{"rendered":"Mod\u00e8le Mini Sapins de No\u00ebl"},"content":{"rendered":"<p><strong>MOD\u00c8LE PDF DE BRODERIE POINT DE CROIX MINI SAPINS DE NO\u00cbL<\/strong><\/p>\n<p>Mod\u00e8le de broderie t\u00e9l\u00e9chargeable pour broder ces 3 adorables mini sapins de No\u00ebl afin de d\u00e9corer votre table de No\u00ebl ou votre int\u00e9rieur.<\/p>\n<p>Ce mod\u00e8le repr\u00e9sente des poinsettias rouges, des feuilles et des baies de lierre, des roses de No\u00ebl blanches, des feuilles et des baies de houx, des bougies festives et de jolis rubans dor\u00e9s. Chaque motif est d\u00e9licatement rehauss\u00e9 de perles et de fils dor\u00e9s.<\/p>\n<p>Une fois assembl\u00e9, chaque arbre mesure environ 9 cm de largeur et 12 cm de hauteur (sans compter la base et le tronc).<\/p>\n<p><strong>FOURNITURES<\/strong>:<\/p>\n<ul>\n<li>Lin Zweigart 28ct (11,2 fils)<\/li>\n<li>Fils moulin\u00e9s DMC<\/li>\n<li>Rainbow Gallery Petite Treasure Braid<\/li>\n<li>Perles Mill Hill<\/li>\n<\/ul>\n<p><strong>CONTENU<\/strong>:<\/p>\n<ul>\n<li>la liste d\u00e9taill\u00e9e des <span style=\"color: #b1917c;\"><strong>fournitures n\u00e9cessaires<\/strong><\/span><\/li>\n<li>la <span style=\"color: #b1917c;\"><strong>l\u00e9gende<\/strong><\/span> pour les symboles utilis\u00e9s<\/li>\n<li>un <span style=\"color: #b1917c;\"><strong>tutoriel des points sp\u00e9ciaux<\/strong><\/span> <span style=\"color: #999999;\">(perles)<\/span><\/li>\n<li>un <span style=\"color: #b1917c;\"><strong>tri-fils imprimable<\/strong><\/span> pour ce mod\u00e8le<\/li>\n<li>des diagrammes <strong><span style=\"color: #b1917c;\">en couleur<\/span><\/strong> <span style=\"color: #999999;\">(point de croix seul \/ tous les points)<\/span><\/li>\n<li>un diagramme <strong><span style=\"color: #b1917c;\">hybride<\/span><\/strong> <span style=\"color: #999999;\">(point de croix noir et blanc avec point arri\u00e8re et points sp\u00e9ciaux en couleur)<\/span><\/li>\n<li>un <span style=\"color: #b1917c;\"><strong>tutoriel des finitions<\/strong><\/span> pour assembler ce projet<\/li>\n<\/ul>\n<p>Pour <strong><span style=\"color: #b1918c;\">davantage de photos<\/span><\/strong> ou pour voir <strong><span style=\"color: #b1918c;\">ce que d&#8217;autres ont brod\u00e9<\/span><\/strong>, RDV sur la <a href=\"https:\/\/fr.pinterest.com\/fabyreilly\/christmas-gallery\/\" target=\"_blank\" rel=\"noopener\"><strong>Galerie de No\u00ebl<\/strong><\/a>.<\/p>\n<p>Vous avez une question ? N&#8217;h\u00e9sitez pas \u00e0 <strong><a href=\"https:\/\/fabyreilly.com\/fr\/info\/contact\/\">me contacter<\/a><\/strong>!<\/p>\n","protected":false},"excerpt":{"rendered":"<p><strong>TYPE<\/strong> : mod\u00e8le PDF t\u00e9l\u00e9chargeable de broderie au point de croix<\/p>\n<p><strong>LANGUES<\/strong>: Fran\u00e7ais \/ Anglais (UK) \/ Anglais (US)<\/p>\n<p><strong>NIVEAU<\/strong>: <span style=\"color: #b1918c;\"><strong>D\u00e9butant<\/strong> <\/span><\/p>\n<p>TAILLE EN POINTS: 50 x 65 points <span style=\"color: #999999;\">(pour chaque face de chaque arbre)<\/span><\/p>\n<p><strong>TAILLE DE LA SURFACE BROD\u00c9E <\/strong><span style=\"color: #999999;\">(sur la toile recommand\u00e9e)<\/span>: 9 x 12 cm <span style=\"color: #999999;\">(3.5&#8243; x 4.75&#8243;)<\/span><\/p>\n<p>Pour plus de d\u00e9tails, voir l&#8217;onglet <strong>Description<\/strong> ci-dessous.<\/p>\n","protected":false},"featured_media":167213,"comment_status":"open","ping_status":"closed","template":"","meta":{"_coblocks_attr":"","_coblocks_dimensions":"","_coblocks_responsive_height":"","_coblocks_accordion_ie_support":"","_crdt_document":"","jetpack_publicize_message":"","jetpack_publicize_feature_enabled":true,"jetpack_social_post_already_shared":true,"jetpack_social_options":{"image_generator_settings":{"template":"highway","default_image_id":0,"font":"","enabled":false},"version":2},"_wpas_customize_per_network":false},"product_brand":[],"product_cat":[650086186,650086188],"product_tag":[650086194],"class_list":{"0":"post-167204","1":"product","2":"type-product","3":"status-publish","4":"has-post-thumbnail","6":"product_cat-modeles-automne-hiver","7":"product_cat-modeles-de-noel","8":"product_tag-debutant","9":"pa_collection-collection-noel","10":"pa_colour-blanc","11":"pa_colour-dore","12":"pa_colour-rouge","13":"pa_colour-vert","14":"pa_embellishments-fils-metalliques","15":"pa_embellishments-perles","16":"pa_shape-arbres-et-sapins","17":"pa_skill-level-debutant","18":"pa_special-stitches-perles","19":"pa_tags-arbres","20":"pa_tags-baies","21":"pa_tags-festif","22":"pa_tags-feuilles","23":"pa_tags-fleurs","24":"pa_tags-petits-modeles","25":"pa_tags-scintillant","26":"pa_tags-tri-fils","27":"pa_techniques-point-arriere","28":"pa_techniques-points-speciaux","29":"pa_theme-art-de-la-table","30":"pa_theme-hiver","31":"pa_theme-noel","33":"first","34":"instock","35":"featured","36":"downloadable","37":"virtual","38":"sold-individually","39":"purchasable","40":"product-type-simple"},"yoast_head":"<!-- This site is optimized with the Yoast SEO plugin v27.5 - https:\/\/yoast.com\/product\/yoast-seo-wordpress\/ -->\n<title>Mod\u00e8le broderie point de croix Mini Sapins de No\u00ebl - Faby Reilly Designs<\/title>\n<meta name=\"description\" content=\"Vous cherchez un mod\u00e8le festif ? Brodez le joli mod\u00e8le Mini Sapins de No\u00ebl pour ajouter ces ornements originaux et tr\u00e8s mignons \u00e0 votre d\u00e9co de fin d&#039;ann\u00e9e.\" \/>\n<meta name=\"robots\" content=\"index, follow, max-snippet:-1, max-image-preview:large, max-video-preview:-1\" \/>\n<link rel=\"canonical\" href=\"https:\/\/fabyreilly.com\/fr\/produit\/modele-mini-sapins-de-noel\/\" \/>\n<meta property=\"og:locale\" content=\"fr_FR\" \/>\n<meta property=\"og:type\" content=\"article\" \/>\n<meta property=\"og:title\" content=\"Mod\u00e8le broderie point de croix Mini Sapins de No\u00ebl - Faby Reilly Designs\" \/>\n<meta property=\"og:description\" content=\"Vous cherchez un mod\u00e8le festif ? Brodez le joli mod\u00e8le Mini Sapins de No\u00ebl pour ajouter ces ornements originaux et tr\u00e8s mignons \u00e0 votre d\u00e9co de fin d&#039;ann\u00e9e.\" \/>\n<meta property=\"og:url\" content=\"https:\/\/fabyreilly.com\/fr\/produit\/modele-mini-sapins-de-noel\/\" \/>\n<meta property=\"og:site_name\" content=\"Faby Reilly Designs\" \/>\n<meta property=\"article:publisher\" content=\"https:\/\/www.facebook.com\/FabyReillyDesigns\/\" \/>\n<meta property=\"article:modified_time\" content=\"2025-12-04T13:55:43+00:00\" \/>\n<meta property=\"og:image\" content=\"https:\/\/fabyreilly.com\/wp-content\/uploads\/2025\/12\/Mini-Christmas-Trees-01A-Faby-Reilly-Designs.jpg\" \/>\n\t<meta property=\"og:image:width\" content=\"2000\" \/>\n\t<meta property=\"og:image:height\" content=\"2000\" \/>\n\t<meta property=\"og:image:type\" content=\"image\/jpeg\" \/>\n<meta name=\"twitter:card\" content=\"summary_large_image\" \/>\n<meta name=\"twitter:site\" content=\"@FabyReilly\" \/>\n<meta name=\"twitter:label1\" content=\"Dur\u00e9e de lecture estim\u00e9e\" \/>\n\t<meta name=\"twitter:data1\" content=\"2 minutes\" \/>\n<script type=\"application\/ld+json\" class=\"yoast-schema-graph\">{\"@context\":\"https:\\\/\\\/schema.org\",\"@graph\":[{\"@type\":\"WebPage\",\"@id\":\"https:\\\/\\\/fabyreilly.com\\\/fr\\\/produit\\\/modele-mini-sapins-de-noel\\\/\",\"url\":\"https:\\\/\\\/fabyreilly.com\\\/fr\\\/produit\\\/modele-mini-sapins-de-noel\\\/\",\"name\":\"Mod\u00e8le broderie point de croix Mini Sapins de No\u00ebl - Faby Reilly Designs\",\"isPartOf\":{\"@id\":\"https:\\\/\\\/fabyreilly.com\\\/fr\\\/#website\"},\"primaryImageOfPage\":{\"@id\":\"https:\\\/\\\/fabyreilly.com\\\/fr\\\/produit\\\/modele-mini-sapins-de-noel\\\/#primaryimage\"},\"image\":{\"@id\":\"https:\\\/\\\/fabyreilly.com\\\/fr\\\/produit\\\/modele-mini-sapins-de-noel\\\/#primaryimage\"},\"thumbnailUrl\":\"https:\\\/\\\/i0.wp.com\\\/fabyreilly.com\\\/wp-content\\\/uploads\\\/2025\\\/12\\\/Mini-Christmas-Trees-01A-Faby-Reilly-Designs.jpg?fit=2000%2C2000&ssl=1\",\"datePublished\":\"2025-12-04T12:54:55+00:00\",\"dateModified\":\"2025-12-04T13:55:43+00:00\",\"description\":\"Vous cherchez un mod\u00e8le festif ? Brodez le joli mod\u00e8le Mini Sapins de No\u00ebl pour ajouter ces ornements originaux et tr\u00e8s mignons \u00e0 votre d\u00e9co de fin d'ann\u00e9e.\",\"breadcrumb\":{\"@id\":\"https:\\\/\\\/fabyreilly.com\\\/fr\\\/produit\\\/modele-mini-sapins-de-noel\\\/#breadcrumb\"},\"inLanguage\":\"fr-FR\",\"potentialAction\":[{\"@type\":\"ReadAction\",\"target\":[\"https:\\\/\\\/fabyreilly.com\\\/fr\\\/produit\\\/modele-mini-sapins-de-noel\\\/\"]}]},{\"@type\":\"ImageObject\",\"inLanguage\":\"fr-FR\",\"@id\":\"https:\\\/\\\/fabyreilly.com\\\/fr\\\/produit\\\/modele-mini-sapins-de-noel\\\/#primaryimage\",\"url\":\"https:\\\/\\\/i0.wp.com\\\/fabyreilly.com\\\/wp-content\\\/uploads\\\/2025\\\/12\\\/Mini-Christmas-Trees-01A-Faby-Reilly-Designs.jpg?fit=2000%2C2000&ssl=1\",\"contentUrl\":\"https:\\\/\\\/i0.wp.com\\\/fabyreilly.com\\\/wp-content\\\/uploads\\\/2025\\\/12\\\/Mini-Christmas-Trees-01A-Faby-Reilly-Designs.jpg?fit=2000%2C2000&ssl=1\",\"width\":2000,\"height\":2000},{\"@type\":\"BreadcrumbList\",\"@id\":\"https:\\\/\\\/fabyreilly.com\\\/fr\\\/produit\\\/modele-mini-sapins-de-noel\\\/#breadcrumb\",\"itemListElement\":[{\"@type\":\"ListItem\",\"position\":1,\"name\":\"Accueil\",\"item\":\"https:\\\/\\\/fabyreilly.com\\\/fr\\\/\"},{\"@type\":\"ListItem\",\"position\":2,\"name\":\"Boutique\",\"item\":\"https:\\\/\\\/fabyreilly.com\\\/fr\\\/boutique\\\/\"},{\"@type\":\"ListItem\",\"position\":3,\"name\":\"Mod\u00e8le Mini Sapins de No\u00ebl\"}]},{\"@type\":\"WebSite\",\"@id\":\"https:\\\/\\\/fabyreilly.com\\\/fr\\\/#website\",\"url\":\"https:\\\/\\\/fabyreilly.com\\\/fr\\\/\",\"name\":\"Faby Reilly Designs\",\"description\":\"Brodez avec style et \u00e9l\u00e9gance\",\"publisher\":{\"@id\":\"https:\\\/\\\/fabyreilly.com\\\/fr\\\/#organization\"},\"alternateName\":\"FRD\",\"potentialAction\":[{\"@type\":\"SearchAction\",\"target\":{\"@type\":\"EntryPoint\",\"urlTemplate\":\"https:\\\/\\\/fabyreilly.com\\\/fr\\\/?s={search_term_string}\"},\"query-input\":{\"@type\":\"PropertyValueSpecification\",\"valueRequired\":true,\"valueName\":\"search_term_string\"}}],\"inLanguage\":\"fr-FR\"},{\"@type\":\"Organization\",\"@id\":\"https:\\\/\\\/fabyreilly.com\\\/fr\\\/#organization\",\"name\":\"Faby Reilly Designs\",\"alternateName\":\"FRD\",\"url\":\"https:\\\/\\\/fabyreilly.com\\\/fr\\\/\",\"logo\":{\"@type\":\"ImageObject\",\"inLanguage\":\"fr-FR\",\"@id\":\"https:\\\/\\\/fabyreilly.com\\\/fr\\\/#\\\/schema\\\/logo\\\/image\\\/\",\"url\":\"https:\\\/\\\/i0.wp.com\\\/fabyreilly.com\\\/wp-content\\\/uploads\\\/2026\\\/04\\\/FRD-Tag-Logo.png?fit=600%2C250&ssl=1\",\"contentUrl\":\"https:\\\/\\\/i0.wp.com\\\/fabyreilly.com\\\/wp-content\\\/uploads\\\/2026\\\/04\\\/FRD-Tag-Logo.png?fit=600%2C250&ssl=1\",\"width\":600,\"height\":250,\"caption\":\"Faby Reilly Designs\"},\"image\":{\"@id\":\"https:\\\/\\\/fabyreilly.com\\\/fr\\\/#\\\/schema\\\/logo\\\/image\\\/\"},\"sameAs\":[\"https:\\\/\\\/www.facebook.com\\\/FabyReillyDesigns\\\/\",\"https:\\\/\\\/x.com\\\/FabyReilly\",\"https:\\\/\\\/www.instagram.com\\\/fabyreillydesigns\\\/\",\"https:\\\/\\\/www.pinterest.fr\\\/fabyreilly\\\/\"]}]}<\/script>\n<!-- \/ Yoast SEO plugin. -->","yoast_head_json":{"title":"Mod\u00e8le broderie point de croix Mini Sapins de No\u00ebl - Faby Reilly Designs","description":"Vous cherchez un mod\u00e8le festif ? Brodez le joli mod\u00e8le Mini Sapins de No\u00ebl pour ajouter ces ornements originaux et tr\u00e8s mignons \u00e0 votre d\u00e9co de fin d'ann\u00e9e.","robots":{"index":"index","follow":"follow","max-snippet":"max-snippet:-1","max-image-preview":"max-image-preview:large","max-video-preview":"max-video-preview:-1"},"canonical":"https:\/\/fabyreilly.com\/fr\/produit\/modele-mini-sapins-de-noel\/","og_locale":"fr_FR","og_type":"article","og_title":"Mod\u00e8le broderie point de croix Mini Sapins de No\u00ebl - Faby Reilly Designs","og_description":"Vous cherchez un mod\u00e8le festif ? Brodez le joli mod\u00e8le Mini Sapins de No\u00ebl pour ajouter ces ornements originaux et tr\u00e8s mignons \u00e0 votre d\u00e9co de fin d'ann\u00e9e.","og_url":"https:\/\/fabyreilly.com\/fr\/produit\/modele-mini-sapins-de-noel\/","og_site_name":"Faby Reilly Designs","article_publisher":"https:\/\/www.facebook.com\/FabyReillyDesigns\/","article_modified_time":"2025-12-04T13:55:43+00:00","og_image":[{"width":2000,"height":2000,"url":"https:\/\/fabyreilly.com\/wp-content\/uploads\/2025\/12\/Mini-Christmas-Trees-01A-Faby-Reilly-Designs.jpg","type":"image\/jpeg"}],"twitter_card":"summary_large_image","twitter_site":"@FabyReilly","twitter_misc":{"Dur\u00e9e de lecture estim\u00e9e":"2 minutes"},"schema":{"@context":"https:\/\/schema.org","@graph":[{"@type":"WebPage","@id":"https:\/\/fabyreilly.com\/fr\/produit\/modele-mini-sapins-de-noel\/","url":"https:\/\/fabyreilly.com\/fr\/produit\/modele-mini-sapins-de-noel\/","name":"Mod\u00e8le broderie point de croix Mini Sapins de No\u00ebl - Faby Reilly Designs","isPartOf":{"@id":"https:\/\/fabyreilly.com\/fr\/#website"},"primaryImageOfPage":{"@id":"https:\/\/fabyreilly.com\/fr\/produit\/modele-mini-sapins-de-noel\/#primaryimage"},"image":{"@id":"https:\/\/fabyreilly.com\/fr\/produit\/modele-mini-sapins-de-noel\/#primaryimage"},"thumbnailUrl":"https:\/\/i0.wp.com\/fabyreilly.com\/wp-content\/uploads\/2025\/12\/Mini-Christmas-Trees-01A-Faby-Reilly-Designs.jpg?fit=2000%2C2000&ssl=1","datePublished":"2025-12-04T12:54:55+00:00","dateModified":"2025-12-04T13:55:43+00:00","description":"Vous cherchez un mod\u00e8le festif ? Brodez le joli mod\u00e8le Mini Sapins de No\u00ebl pour ajouter ces ornements originaux et tr\u00e8s mignons \u00e0 votre d\u00e9co de fin d'ann\u00e9e.","breadcrumb":{"@id":"https:\/\/fabyreilly.com\/fr\/produit\/modele-mini-sapins-de-noel\/#breadcrumb"},"inLanguage":"fr-FR","potentialAction":[{"@type":"ReadAction","target":["https:\/\/fabyreilly.com\/fr\/produit\/modele-mini-sapins-de-noel\/"]}]},{"@type":"ImageObject","inLanguage":"fr-FR","@id":"https:\/\/fabyreilly.com\/fr\/produit\/modele-mini-sapins-de-noel\/#primaryimage","url":"https:\/\/i0.wp.com\/fabyreilly.com\/wp-content\/uploads\/2025\/12\/Mini-Christmas-Trees-01A-Faby-Reilly-Designs.jpg?fit=2000%2C2000&ssl=1","contentUrl":"https:\/\/i0.wp.com\/fabyreilly.com\/wp-content\/uploads\/2025\/12\/Mini-Christmas-Trees-01A-Faby-Reilly-Designs.jpg?fit=2000%2C2000&ssl=1","width":2000,"height":2000},{"@type":"BreadcrumbList","@id":"https:\/\/fabyreilly.com\/fr\/produit\/modele-mini-sapins-de-noel\/#breadcrumb","itemListElement":[{"@type":"ListItem","position":1,"name":"Accueil","item":"https:\/\/fabyreilly.com\/fr\/"},{"@type":"ListItem","position":2,"name":"Boutique","item":"https:\/\/fabyreilly.com\/fr\/boutique\/"},{"@type":"ListItem","position":3,"name":"Mod\u00e8le Mini Sapins de No\u00ebl"}]},{"@type":"WebSite","@id":"https:\/\/fabyreilly.com\/fr\/#website","url":"https:\/\/fabyreilly.com\/fr\/","name":"Faby Reilly Designs","description":"Brodez avec style et \u00e9l\u00e9gance","publisher":{"@id":"https:\/\/fabyreilly.com\/fr\/#organization"},"alternateName":"FRD","potentialAction":[{"@type":"SearchAction","target":{"@type":"EntryPoint","urlTemplate":"https:\/\/fabyreilly.com\/fr\/?s={search_term_string}"},"query-input":{"@type":"PropertyValueSpecification","valueRequired":true,"valueName":"search_term_string"}}],"inLanguage":"fr-FR"},{"@type":"Organization","@id":"https:\/\/fabyreilly.com\/fr\/#organization","name":"Faby Reilly Designs","alternateName":"FRD","url":"https:\/\/fabyreilly.com\/fr\/","logo":{"@type":"ImageObject","inLanguage":"fr-FR","@id":"https:\/\/fabyreilly.com\/fr\/#\/schema\/logo\/image\/","url":"https:\/\/i0.wp.com\/fabyreilly.com\/wp-content\/uploads\/2026\/04\/FRD-Tag-Logo.png?fit=600%2C250&ssl=1","contentUrl":"https:\/\/i0.wp.com\/fabyreilly.com\/wp-content\/uploads\/2026\/04\/FRD-Tag-Logo.png?fit=600%2C250&ssl=1","width":600,"height":250,"caption":"Faby Reilly Designs"},"image":{"@id":"https:\/\/fabyreilly.com\/fr\/#\/schema\/logo\/image\/"},"sameAs":["https:\/\/www.facebook.com\/FabyReillyDesigns\/","https:\/\/x.com\/FabyReilly","https:\/\/www.instagram.com\/fabyreillydesigns\/","https:\/\/www.pinterest.fr\/fabyreilly\/"]}]}},"jetpack_publicize_connections":[],"jetpack_likes_enabled":true,"jetpack_sharing_enabled":true,"_links":{"self":[{"href":"https:\/\/fabyreilly.com\/fr\/wp-json\/wp\/v2\/product\/167204","targetHints":{"allow":["GET"]}}],"collection":[{"href":"https:\/\/fabyreilly.com\/fr\/wp-json\/wp\/v2\/product"}],"about":[{"href":"https:\/\/fabyreilly.com\/fr\/wp-json\/wp\/v2\/types\/product"}],"replies":[{"embeddable":true,"href":"https:\/\/fabyreilly.com\/fr\/wp-json\/wp\/v2\/comments?post=167204"}],"wp:featuredmedia":[{"embeddable":true,"href":"https:\/\/fabyreilly.com\/fr\/wp-json\/wp\/v2\/media\/167213"}],"wp:attachment":[{"href":"https:\/\/fabyreilly.com\/fr\/wp-json\/wp\/v2\/media?parent=167204"}],"wp:term":[{"taxonomy":"product_brand","embeddable":true,"href":"https:\/\/fabyreilly.com\/fr\/wp-json\/wp\/v2\/product_brand?post=167204"},{"taxonomy":"product_cat","embeddable":true,"href":"https:\/\/fabyreilly.com\/fr\/wp-json\/wp\/v2\/product_cat?post=167204"},{"taxonomy":"product_tag","embeddable":true,"href":"https:\/\/fabyreilly.com\/fr\/wp-json\/wp\/v2\/product_tag?post=167204"}],"curies":[{"name":"wp","href":"https:\/\/api.w.org\/{rel}","templated":true}]}}