{"id":162519,"date":"2023-04-02T15:00:28","date_gmt":"2023-04-02T13:00:28","guid":{"rendered":"https:\/\/fabyreilly.com\/?post_type=product&#038;p=162519"},"modified":"2026-04-06T18:13:18","modified_gmt":"2026-04-06T16:13:18","slug":"etui-a-broder-nerida","status":"publish","type":"product","link":"https:\/\/fabyreilly.com\/fr\/produit\/etui-a-broder-nerida\/","title":{"rendered":"SAL \u00c9tui \u00e0 broder N\u00e9rida"},"content":{"rendered":"<p><strong>ATTENTION<\/strong> : ce mod\u00e8le est un SAL (Stitch-ALong) \u00e0 l&#8217;origine. Son format est donc tr\u00e8s diff\u00e9rent des mod\u00e8les &#8220;classiques&#8221;. Vous recevrez un Livret de Bienvenue, ainsi que des mod\u00e8les individuels comme d\u00e9crit ci-dessous :<\/p>\n<p><b>LE LIVRET DE BIENVENUE contient<\/b> <strong>toutes les informations n\u00e9cessaires pour se lancer:<\/strong><\/p>\n<ul>\n<li>la liste d\u00e9taill\u00e9e des <span style=\"color: #b1917c;\"><strong>fournitures n\u00e9cessaires<\/strong><\/span><\/li>\n<li>une <span style=\"color: #b1917c;\"><strong>page planning<\/strong><\/span> avec toutes les dates du SAL<\/li>\n<li>une <span style=\"color: #b1917c;\"><strong>l\u00e9gende<\/strong><\/span> de toutes les couleurs utilis\u00e9es<\/li>\n<li>un <strong><span style=\"color: #b1917c;\">tri-fils<\/span><\/strong> imprimable<\/li>\n<li>un <strong><span style=\"color: #b1917c;\">plan de disposition<\/span><\/strong> avec une suggestion d&#8217;agencement pour placer les sections sur la toile<\/li>\n<li>le <strong><span style=\"color: #b1917c;\">contour<\/span><\/strong> de chaque section<\/li>\n<li>un <span style=\"color: #b1917c;\"><strong>tutoriel des points sp\u00e9ciaux<\/strong><\/span> pour tous les points sp\u00e9ciaux utilis\u00e9s dans le SAL<\/li>\n<\/ul>\n<p><b>CHAQUE PARTIE est ensuite t\u00e9l\u00e9chargeable<\/b> :<\/p>\n<ul>\n<li>un <strong><span style=\"color: #b1917c;\">diagramme<\/span><\/strong> pour chacune des <strong><span style=\"color: #b1917c;\">8 sections<\/span><\/strong> \u00e0 broder (toutes les 2-4 semaines selon la taille de chaque section)<\/li>\n<li>un <span style=\"color: #b1917c;\"><strong>tutoriel des finitions<\/strong><\/span> avec instructions &amp; photos \u00e0 l&#8217;appui, pour assembler ce projet de A \u00e0 Z (une fois que toutes les sections auront \u00e9t\u00e9 publi\u00e9es)<\/li>\n<\/ul>\n<p><b>FOURNITURES <\/b>:<\/p>\n<ul>\n<li>Lin Belfast de Zweigart en 12,6 fils (32 ct) <span style=\"color: #999999;\">[Alternative: Lin Cashel de Zweigart en 11,2 fils (28 ct)]<\/span><\/li>\n<li>Fils moulin\u00e9s DMC<\/li>\n<li>Fils moulin\u00e9s Tom &amp; Lily Creations<\/li>\n<li>Rainbow Gallery Petite Treasure Braid<\/li>\n<li>Perles Mill Hill<\/li>\n<li>paillettes (sequins) de 6 mm de diam\u00e8tre<\/li>\n<\/ul>\n<p><strong>CE MOD\u00c8LE CONTIENT <\/strong>:<\/p>\n<ul>\n<li>point de croix<\/li>\n<li>point arri\u00e8re<\/li>\n<li>points sp\u00e9ciaux (4 types de points, dont le point de n\u0153ud)<\/li>\n<li>perles<\/li>\n<li>sequins (paillettes)<\/li>\n<\/ul>\n<p><strong>LIENS UTILES :<\/strong><\/p>\n<ul>\n<li><strong>Fils moulin\u00e9s Tom &amp; Lily Creations &#8211; pack N\u00e9rida <\/strong>: lien en <strong><a href=\"https:\/\/tometlilycreations.com\/en\/home\/581-nerida-thread-pack-faby-reilly-designs.html\" target=\"_blank\" rel=\"noopener\">ANGLAIS<\/a><\/strong> ou en <strong><a href=\"https:\/\/tometlilycreations.com\/fr\/home\/581-pack-nerida-sal-faby-reilly-designs.html\" target=\"_blank\" rel=\"noopener\">FRAN\u00c7AIS<\/a><\/strong><\/li>\n<li><strong>Groupe Facebook<\/strong>: si vous \u00eates sur Facebook, n&#8217;h\u00e9sitez pas \u00e0 nous rejoindre au sein du groupe <a href=\"https:\/\/www.facebook.com\/groups\/FRDSALS\/\" target=\"_blank\" rel=\"noopener\"><strong>Faby Reilly Designs SALs<\/strong><\/a> o\u00f9 je serai disponible pour r\u00e9pondre \u00e0 vos questions \u00e9ventuelles et o\u00f9 nous pourrons tous admirer les avanc\u00e9es de chacun(e)s<\/li>\n<\/ul>\n<p>&nbsp;<\/p>\n<p>Pour <span style=\"color: #b1918c;\"><strong>davantage de photos<\/strong><\/span> ou pour voir <span style=\"color: #b1918c;\"><strong>les r\u00e9alisations d\u2019autres brodeurs\/brodeuses<\/strong><\/span>, voir la <a href=\"https:\/\/www.pinterest.fr\/fabyreilly\/nerida-gallery\/\" target=\"_blank\" rel=\"noopener\"><strong>Galerie Nerida<\/strong><\/a>.<\/p>\n<p>Vous avez une question ? N&#8217;h\u00e9sitez pas \u00e0 <strong><a href=\"https:\/\/fabyreilly.com\/fr\/info\/contact\/\">me contacter <\/a><\/strong>!<\/p>\n","protected":false},"excerpt":{"rendered":"<p>Le SAL <span style=\"color: #b1917c;\"><strong>\u00e9tui \u00e0 broder N\u00e9rida<\/strong><\/span> est maintenant enti\u00e8rement d\u00e9voil\u00e9 \u2013 il n\u2019y aura donc plus de nouvelle publication. Cela dit, il n\u2019y a pas de date limite pour le broder. Les nouveaux membres sont donc bien s\u00fbr bienvenus \u00e0 tout moment !<\/p>\n<p>D&#8217;ici la fin de ce SAL, vous aurez brod\u00e9 et assembl\u00e9 un ravissant <strong>\u00e9tui \u00e0 broder<\/strong> pour ranger vos aiguilles, ciseaux et autres petits accessoires de broderie tels qu&#8217;un enfile-aiguille par exemple.<\/p>\n<p>Voir <strong>l&#8217;onglet Description<\/strong> pour plus d&#8217;infos.<\/p>\n<p><strong>NOTE<\/strong> : l&#8217;inscription au SAL se fait en UNE SEULE FOIS &#8211; il n&#8217;y a pas de frais suppl\u00e9mentaires pour les sections du SAL.<\/p>\n","protected":false},"featured_media":163648,"comment_status":"open","ping_status":"closed","template":"","meta":{"_coblocks_attr":"","_coblocks_dimensions":"","_coblocks_responsive_height":"","_coblocks_accordion_ie_support":"","_crdt_document":"","jetpack_publicize_message":"","jetpack_publicize_feature_enabled":true,"jetpack_social_post_already_shared":true,"jetpack_social_options":{"image_generator_settings":{"template":"highway","default_image_id":0,"font":"","enabled":false},"version":2},"_wpas_customize_per_network":false},"product_brand":[],"product_cat":[650086191],"product_tag":[650086195],"class_list":{"0":"post-162519","1":"product","2":"type-product","3":"status-publish","4":"has-post-thumbnail","6":"product_cat-sal-fr","7":"product_tag-expert-fr","8":"pa_collection-nerida-fr","9":"pa_colour-argente","10":"pa_colour-bleu","11":"pa_colour-vert","12":"pa_colour-violet","13":"pa_embellishments-feutrine","14":"pa_embellishments-fils-metalliques","15":"pa_embellishments-paillettes-sequins","16":"pa_embellishments-perles","17":"pa_shape-accessoires-de-broderie","18":"pa_shape-etuis-a-ciseaux","19":"pa_shape-livrets-a-aiguilles","20":"pa_skill-level-avance","21":"pa_special-stitches-perles","22":"pa_special-stitches-point-arriere-surjete","23":"pa_special-stitches-point-doeillet-rond","24":"pa_special-stitches-point-de-noeud-point-colonial","25":"pa_special-stitches-point-de-palestrina","26":"pa_special-stitches-point-rococo","27":"pa_special-stitches-points-fractionnels","28":"pa_tags-animaux","29":"pa_tags-coquillages","30":"pa_tags-grands-modeles","31":"pa_tags-poissons","32":"pa_tags-scintillant","33":"pa_tags-sirenes","34":"pa_tags-tri-fils","35":"pa_techniques-noeuds","36":"pa_techniques-point-arriere","37":"pa_techniques-points-speciaux","38":"pa_theme-insectes-creatures-animaux","40":"first","41":"instock","42":"downloadable","43":"virtual","44":"purchasable","45":"product-type-simple"},"yoast_head":"<!-- This site is optimized with the Yoast SEO plugin v27.5 - https:\/\/yoast.com\/product\/yoast-seo-wordpress\/ -->\n<title>SAL broderie point de croix Etui \u00e0 broder N\u00e9rida - Faby Reilly Designs<\/title>\n<meta name=\"description\" content=\"Envie de broder ensemble ? Inscrivez-vous \u00e0 ce SAL myst\u00e8re et ludique pour r\u00e9aliser un magnifique \u00e9tui \u00e0 broder et d\u00e9couvrir de nouveaux points au fil de votre progression.\" \/>\n<meta name=\"robots\" content=\"index, follow, max-snippet:-1, max-image-preview:large, max-video-preview:-1\" \/>\n<link rel=\"canonical\" href=\"https:\/\/fabyreilly.com\/fr\/produit\/etui-a-broder-nerida\/\" \/>\n<meta property=\"og:locale\" content=\"fr_FR\" \/>\n<meta property=\"og:type\" content=\"article\" \/>\n<meta property=\"og:title\" content=\"SAL broderie point de croix Etui \u00e0 broder N\u00e9rida - Faby Reilly Designs\" \/>\n<meta property=\"og:description\" content=\"Envie de broder ensemble ? Inscrivez-vous \u00e0 ce SAL myst\u00e8re et ludique pour r\u00e9aliser un magnifique \u00e9tui \u00e0 broder et d\u00e9couvrir de nouveaux points au fil de votre progression.\" \/>\n<meta property=\"og:url\" content=\"https:\/\/fabyreilly.com\/fr\/produit\/etui-a-broder-nerida\/\" \/>\n<meta property=\"og:site_name\" content=\"Faby Reilly Designs\" \/>\n<meta property=\"article:publisher\" content=\"https:\/\/www.facebook.com\/FabyReillyDesigns\/\" \/>\n<meta property=\"article:modified_time\" content=\"2026-04-06T16:13:18+00:00\" \/>\n<meta property=\"og:image\" content=\"https:\/\/i0.wp.com\/fabyreilly.com\/wp-content\/uploads\/2023\/04\/Nerida-Stitching-Wallet-01-Faby-Reilly-Designs.jpg?fit=2000%2C2000&ssl=1\" \/>\n\t<meta property=\"og:image:width\" content=\"2000\" \/>\n\t<meta property=\"og:image:height\" content=\"2000\" \/>\n\t<meta property=\"og:image:type\" content=\"image\/jpeg\" \/>\n<meta name=\"twitter:card\" content=\"summary_large_image\" \/>\n<meta name=\"twitter:site\" content=\"@FabyReilly\" \/>\n<meta name=\"twitter:label1\" content=\"Dur\u00e9e de lecture estim\u00e9e\" \/>\n\t<meta name=\"twitter:data1\" content=\"2 minutes\" \/>\n<script type=\"application\/ld+json\" class=\"yoast-schema-graph\">{\"@context\":\"https:\\\/\\\/schema.org\",\"@graph\":[{\"@type\":\"WebPage\",\"@id\":\"https:\\\/\\\/fabyreilly.com\\\/fr\\\/produit\\\/etui-a-broder-nerida\\\/\",\"url\":\"https:\\\/\\\/fabyreilly.com\\\/fr\\\/produit\\\/etui-a-broder-nerida\\\/\",\"name\":\"SAL broderie point de croix Etui \u00e0 broder N\u00e9rida - Faby Reilly Designs\",\"isPartOf\":{\"@id\":\"https:\\\/\\\/fabyreilly.com\\\/fr\\\/#website\"},\"primaryImageOfPage\":{\"@id\":\"https:\\\/\\\/fabyreilly.com\\\/fr\\\/produit\\\/etui-a-broder-nerida\\\/#primaryimage\"},\"image\":{\"@id\":\"https:\\\/\\\/fabyreilly.com\\\/fr\\\/produit\\\/etui-a-broder-nerida\\\/#primaryimage\"},\"thumbnailUrl\":\"https:\\\/\\\/i0.wp.com\\\/fabyreilly.com\\\/wp-content\\\/uploads\\\/2023\\\/04\\\/Nerida-Stitching-Wallet-01-Faby-Reilly-Designs.jpg?fit=2000%2C2000&ssl=1\",\"datePublished\":\"2023-04-02T13:00:28+00:00\",\"dateModified\":\"2026-04-06T16:13:18+00:00\",\"description\":\"Envie de broder ensemble ? Inscrivez-vous \u00e0 ce SAL myst\u00e8re et ludique pour r\u00e9aliser un magnifique \u00e9tui \u00e0 broder et d\u00e9couvrir de nouveaux points au fil de votre progression.\",\"breadcrumb\":{\"@id\":\"https:\\\/\\\/fabyreilly.com\\\/fr\\\/produit\\\/etui-a-broder-nerida\\\/#breadcrumb\"},\"inLanguage\":\"fr-FR\",\"potentialAction\":[{\"@type\":\"ReadAction\",\"target\":[\"https:\\\/\\\/fabyreilly.com\\\/fr\\\/produit\\\/etui-a-broder-nerida\\\/\"]}]},{\"@type\":\"ImageObject\",\"inLanguage\":\"fr-FR\",\"@id\":\"https:\\\/\\\/fabyreilly.com\\\/fr\\\/produit\\\/etui-a-broder-nerida\\\/#primaryimage\",\"url\":\"https:\\\/\\\/i0.wp.com\\\/fabyreilly.com\\\/wp-content\\\/uploads\\\/2023\\\/04\\\/Nerida-Stitching-Wallet-01-Faby-Reilly-Designs.jpg?fit=2000%2C2000&ssl=1\",\"contentUrl\":\"https:\\\/\\\/i0.wp.com\\\/fabyreilly.com\\\/wp-content\\\/uploads\\\/2023\\\/04\\\/Nerida-Stitching-Wallet-01-Faby-Reilly-Designs.jpg?fit=2000%2C2000&ssl=1\",\"width\":2000,\"height\":2000,\"caption\":\"Patron PDF de l'\u00e9tui \u00e0 broder Nerida - mod\u00e8le brod\u00e9 - Faby Reilly Designs\"},{\"@type\":\"BreadcrumbList\",\"@id\":\"https:\\\/\\\/fabyreilly.com\\\/fr\\\/produit\\\/etui-a-broder-nerida\\\/#breadcrumb\",\"itemListElement\":[{\"@type\":\"ListItem\",\"position\":1,\"name\":\"Accueil\",\"item\":\"https:\\\/\\\/fabyreilly.com\\\/fr\\\/\"},{\"@type\":\"ListItem\",\"position\":2,\"name\":\"Boutique\",\"item\":\"https:\\\/\\\/fabyreilly.com\\\/fr\\\/boutique\\\/\"},{\"@type\":\"ListItem\",\"position\":3,\"name\":\"SAL \u00c9tui \u00e0 broder N\u00e9rida\"}]},{\"@type\":\"WebSite\",\"@id\":\"https:\\\/\\\/fabyreilly.com\\\/fr\\\/#website\",\"url\":\"https:\\\/\\\/fabyreilly.com\\\/fr\\\/\",\"name\":\"Faby Reilly Designs\",\"description\":\"Brodez avec style et \u00e9l\u00e9gance\",\"publisher\":{\"@id\":\"https:\\\/\\\/fabyreilly.com\\\/fr\\\/#organization\"},\"alternateName\":\"FRD\",\"potentialAction\":[{\"@type\":\"SearchAction\",\"target\":{\"@type\":\"EntryPoint\",\"urlTemplate\":\"https:\\\/\\\/fabyreilly.com\\\/fr\\\/?s={search_term_string}\"},\"query-input\":{\"@type\":\"PropertyValueSpecification\",\"valueRequired\":true,\"valueName\":\"search_term_string\"}}],\"inLanguage\":\"fr-FR\"},{\"@type\":\"Organization\",\"@id\":\"https:\\\/\\\/fabyreilly.com\\\/fr\\\/#organization\",\"name\":\"Faby Reilly Designs\",\"alternateName\":\"FRD\",\"url\":\"https:\\\/\\\/fabyreilly.com\\\/fr\\\/\",\"logo\":{\"@type\":\"ImageObject\",\"inLanguage\":\"fr-FR\",\"@id\":\"https:\\\/\\\/fabyreilly.com\\\/fr\\\/#\\\/schema\\\/logo\\\/image\\\/\",\"url\":\"https:\\\/\\\/i0.wp.com\\\/fabyreilly.com\\\/wp-content\\\/uploads\\\/2026\\\/04\\\/FRD-Tag-Logo.png?fit=600%2C250&ssl=1\",\"contentUrl\":\"https:\\\/\\\/i0.wp.com\\\/fabyreilly.com\\\/wp-content\\\/uploads\\\/2026\\\/04\\\/FRD-Tag-Logo.png?fit=600%2C250&ssl=1\",\"width\":600,\"height\":250,\"caption\":\"Faby Reilly Designs\"},\"image\":{\"@id\":\"https:\\\/\\\/fabyreilly.com\\\/fr\\\/#\\\/schema\\\/logo\\\/image\\\/\"},\"sameAs\":[\"https:\\\/\\\/www.facebook.com\\\/FabyReillyDesigns\\\/\",\"https:\\\/\\\/x.com\\\/FabyReilly\",\"https:\\\/\\\/www.instagram.com\\\/fabyreillydesigns\\\/\",\"https:\\\/\\\/www.pinterest.fr\\\/fabyreilly\\\/\"]}]}<\/script>\n<!-- \/ Yoast SEO plugin. -->","yoast_head_json":{"title":"SAL broderie point de croix Etui \u00e0 broder N\u00e9rida - Faby Reilly Designs","description":"Envie de broder ensemble ? Inscrivez-vous \u00e0 ce SAL myst\u00e8re et ludique pour r\u00e9aliser un magnifique \u00e9tui \u00e0 broder et d\u00e9couvrir de nouveaux points au fil de votre progression.","robots":{"index":"index","follow":"follow","max-snippet":"max-snippet:-1","max-image-preview":"max-image-preview:large","max-video-preview":"max-video-preview:-1"},"canonical":"https:\/\/fabyreilly.com\/fr\/produit\/etui-a-broder-nerida\/","og_locale":"fr_FR","og_type":"article","og_title":"SAL broderie point de croix Etui \u00e0 broder N\u00e9rida - Faby Reilly Designs","og_description":"Envie de broder ensemble ? Inscrivez-vous \u00e0 ce SAL myst\u00e8re et ludique pour r\u00e9aliser un magnifique \u00e9tui \u00e0 broder et d\u00e9couvrir de nouveaux points au fil de votre progression.","og_url":"https:\/\/fabyreilly.com\/fr\/produit\/etui-a-broder-nerida\/","og_site_name":"Faby Reilly Designs","article_publisher":"https:\/\/www.facebook.com\/FabyReillyDesigns\/","article_modified_time":"2026-04-06T16:13:18+00:00","og_image":[{"width":2000,"height":2000,"url":"https:\/\/i0.wp.com\/fabyreilly.com\/wp-content\/uploads\/2023\/04\/Nerida-Stitching-Wallet-01-Faby-Reilly-Designs.jpg?fit=2000%2C2000&ssl=1","type":"image\/jpeg"}],"twitter_card":"summary_large_image","twitter_site":"@FabyReilly","twitter_misc":{"Dur\u00e9e de lecture estim\u00e9e":"2 minutes"},"schema":{"@context":"https:\/\/schema.org","@graph":[{"@type":"WebPage","@id":"https:\/\/fabyreilly.com\/fr\/produit\/etui-a-broder-nerida\/","url":"https:\/\/fabyreilly.com\/fr\/produit\/etui-a-broder-nerida\/","name":"SAL broderie point de croix Etui \u00e0 broder N\u00e9rida - Faby Reilly Designs","isPartOf":{"@id":"https:\/\/fabyreilly.com\/fr\/#website"},"primaryImageOfPage":{"@id":"https:\/\/fabyreilly.com\/fr\/produit\/etui-a-broder-nerida\/#primaryimage"},"image":{"@id":"https:\/\/fabyreilly.com\/fr\/produit\/etui-a-broder-nerida\/#primaryimage"},"thumbnailUrl":"https:\/\/i0.wp.com\/fabyreilly.com\/wp-content\/uploads\/2023\/04\/Nerida-Stitching-Wallet-01-Faby-Reilly-Designs.jpg?fit=2000%2C2000&ssl=1","datePublished":"2023-04-02T13:00:28+00:00","dateModified":"2026-04-06T16:13:18+00:00","description":"Envie de broder ensemble ? Inscrivez-vous \u00e0 ce SAL myst\u00e8re et ludique pour r\u00e9aliser un magnifique \u00e9tui \u00e0 broder et d\u00e9couvrir de nouveaux points au fil de votre progression.","breadcrumb":{"@id":"https:\/\/fabyreilly.com\/fr\/produit\/etui-a-broder-nerida\/#breadcrumb"},"inLanguage":"fr-FR","potentialAction":[{"@type":"ReadAction","target":["https:\/\/fabyreilly.com\/fr\/produit\/etui-a-broder-nerida\/"]}]},{"@type":"ImageObject","inLanguage":"fr-FR","@id":"https:\/\/fabyreilly.com\/fr\/produit\/etui-a-broder-nerida\/#primaryimage","url":"https:\/\/i0.wp.com\/fabyreilly.com\/wp-content\/uploads\/2023\/04\/Nerida-Stitching-Wallet-01-Faby-Reilly-Designs.jpg?fit=2000%2C2000&ssl=1","contentUrl":"https:\/\/i0.wp.com\/fabyreilly.com\/wp-content\/uploads\/2023\/04\/Nerida-Stitching-Wallet-01-Faby-Reilly-Designs.jpg?fit=2000%2C2000&ssl=1","width":2000,"height":2000,"caption":"Patron PDF de l'\u00e9tui \u00e0 broder Nerida - mod\u00e8le brod\u00e9 - Faby Reilly Designs"},{"@type":"BreadcrumbList","@id":"https:\/\/fabyreilly.com\/fr\/produit\/etui-a-broder-nerida\/#breadcrumb","itemListElement":[{"@type":"ListItem","position":1,"name":"Accueil","item":"https:\/\/fabyreilly.com\/fr\/"},{"@type":"ListItem","position":2,"name":"Boutique","item":"https:\/\/fabyreilly.com\/fr\/boutique\/"},{"@type":"ListItem","position":3,"name":"SAL \u00c9tui \u00e0 broder N\u00e9rida"}]},{"@type":"WebSite","@id":"https:\/\/fabyreilly.com\/fr\/#website","url":"https:\/\/fabyreilly.com\/fr\/","name":"Faby Reilly Designs","description":"Brodez avec style et \u00e9l\u00e9gance","publisher":{"@id":"https:\/\/fabyreilly.com\/fr\/#organization"},"alternateName":"FRD","potentialAction":[{"@type":"SearchAction","target":{"@type":"EntryPoint","urlTemplate":"https:\/\/fabyreilly.com\/fr\/?s={search_term_string}"},"query-input":{"@type":"PropertyValueSpecification","valueRequired":true,"valueName":"search_term_string"}}],"inLanguage":"fr-FR"},{"@type":"Organization","@id":"https:\/\/fabyreilly.com\/fr\/#organization","name":"Faby Reilly Designs","alternateName":"FRD","url":"https:\/\/fabyreilly.com\/fr\/","logo":{"@type":"ImageObject","inLanguage":"fr-FR","@id":"https:\/\/fabyreilly.com\/fr\/#\/schema\/logo\/image\/","url":"https:\/\/i0.wp.com\/fabyreilly.com\/wp-content\/uploads\/2026\/04\/FRD-Tag-Logo.png?fit=600%2C250&ssl=1","contentUrl":"https:\/\/i0.wp.com\/fabyreilly.com\/wp-content\/uploads\/2026\/04\/FRD-Tag-Logo.png?fit=600%2C250&ssl=1","width":600,"height":250,"caption":"Faby Reilly Designs"},"image":{"@id":"https:\/\/fabyreilly.com\/fr\/#\/schema\/logo\/image\/"},"sameAs":["https:\/\/www.facebook.com\/FabyReillyDesigns\/","https:\/\/x.com\/FabyReilly","https:\/\/www.instagram.com\/fabyreillydesigns\/","https:\/\/www.pinterest.fr\/fabyreilly\/"]}]}},"jetpack_publicize_connections":[],"jetpack_likes_enabled":true,"jetpack_sharing_enabled":true,"_links":{"self":[{"href":"https:\/\/fabyreilly.com\/fr\/wp-json\/wp\/v2\/product\/162519","targetHints":{"allow":["GET"]}}],"collection":[{"href":"https:\/\/fabyreilly.com\/fr\/wp-json\/wp\/v2\/product"}],"about":[{"href":"https:\/\/fabyreilly.com\/fr\/wp-json\/wp\/v2\/types\/product"}],"replies":[{"embeddable":true,"href":"https:\/\/fabyreilly.com\/fr\/wp-json\/wp\/v2\/comments?post=162519"}],"wp:featuredmedia":[{"embeddable":true,"href":"https:\/\/fabyreilly.com\/fr\/wp-json\/wp\/v2\/media\/163648"}],"wp:attachment":[{"href":"https:\/\/fabyreilly.com\/fr\/wp-json\/wp\/v2\/media?parent=162519"}],"wp:term":[{"taxonomy":"product_brand","embeddable":true,"href":"https:\/\/fabyreilly.com\/fr\/wp-json\/wp\/v2\/product_brand?post=162519"},{"taxonomy":"product_cat","embeddable":true,"href":"https:\/\/fabyreilly.com\/fr\/wp-json\/wp\/v2\/product_cat?post=162519"},{"taxonomy":"product_tag","embeddable":true,"href":"https:\/\/fabyreilly.com\/fr\/wp-json\/wp\/v2\/product_tag?post=162519"}],"curies":[{"name":"wp","href":"https:\/\/api.w.org\/{rel}","templated":true}]}}