{"id":159823,"date":"2021-06-01T15:32:12","date_gmt":"2021-06-01T13:32:12","guid":{"rendered":"https:\/\/fabyreilly.com\/product\/sal-jacquie-livret-magique\/"},"modified":"2026-02-06T16:31:52","modified_gmt":"2026-02-06T15:31:52","slug":"jacquie-sal-magic-needlebook","status":"publish","type":"product","link":"https:\/\/fabyreilly.com\/fr\/produit\/jacquie-sal-magic-needlebook\/","title":{"rendered":"Livret Magique Jacquie"},"content":{"rendered":"<p><strong>ATTENTION<\/strong> : ce mod\u00e8le est un SAL (Stitch-ALong) \u00e0 l&#8217;origine. Son format est donc tr\u00e8s diff\u00e9rent des mod\u00e8les &#8220;classiques&#8221;. Vous recevrez un Livret de Bienvenue, ainsi que des mod\u00e8les individuels comme d\u00e9crit ci-dessous :<\/p>\n<p><b>LE LIVRET DE BIENVENUE contient<\/b> <strong>toutes les informations n\u00e9cessaires pour se lancer:<\/strong><\/p>\n<ul>\n<li>la liste d\u00e9taill\u00e9e des <span style=\"color: #b1917c;\"><strong>fournitures n\u00e9cessaires<\/strong><\/span> <\/li>\n<li>une <span style=\"color: #b1917c;\"><strong>page planning<\/strong><\/span> avec toutes les dates du SAL<\/li>\n<li>une <span style=\"color: #b1917c;\"><strong>l\u00e9gende<\/strong><\/span> de toutes les couleurs utilis\u00e9es<\/li>\n<li>un <strong><span style=\"color: #b1917c;\">tri-fils<\/span><\/strong> imprimable<\/li>\n<li>un <span style=\"color: #b1917c;\"><strong>plan de disposition<\/strong><\/span> avec une suggestion d&#8217;agencement pour placer les sections sur la toile<\/li>\n<li>le <strong><span style=\"color: #b1917c;\">contour<\/span><\/strong> de chaque section<\/li>\n<li>un <span style=\"color: #b1917c;\"><strong>tutoriel des points sp\u00e9ciaux<\/strong><\/span> pour tous les points sp\u00e9ciaux utilis\u00e9s dans le SAL<\/li>\n<\/ul>\n<p><b>CHAQUE PARTIE est ensuite t\u00e9l\u00e9chargeable<\/b> :<\/p>\n<ul>\n<li>une <strong><span style=\"color: #b1917c;\">fiche<\/span><\/strong> pour chacune des <strong><span style=\"color: #b1917c;\">8 parties<\/span><\/strong> \u00e0 broder<\/li>\n<li>un <span style=\"color: #b1917c;\"><strong>tutoriel des finitions<\/strong><\/span> (en 2 parties) avec instructions d\u00e9taill\u00e9es et photos pour assembler ce projet<\/li>\n<\/ul>\n<p><b>FOURNITURES<\/b>:<\/p>\n<ul>\n<li>Lin Belfast de Zweigart en 12,6 fils (32 ct) <span style=\"color: #999999;\">[Alternative: Lin Cashel de Zweigart en 11,2 fils (28 ct)]<\/span><\/li>\n<li>Fils moulin\u00e9s DMC<\/li>\n<li>Rainbow Gallery Petite Treasure Braid<\/li>\n<li>Perles Mill Hill<\/li>\n<li>paillettes (sequins) de 6 mm de diam\u00e8tre<\/li>\n<\/ul>\n<p><strong>CE MODELE CONTIENT<\/strong>:<\/p>\n<ul>\n<li>point de croix entier (il n&#8217;y a que 3 points fractionnels dans tout le mod\u00e8le)<\/li>\n<li>point arri\u00e8re (avec quelques points fractionnels)<\/li>\n<li>point de n\u0153ud (ou point colonial, au choix)<\/li>\n<li>points sp\u00e9ciaux:\n<ul>\n<li>version interm\u00e9diaire: 2 types de points sp\u00e9ciaux<\/li>\n<li>version expert: 6 types de points sp\u00e9ciaux, dont un peu de broderie en relief<\/li>\n<\/ul>\n<\/li>\n<li>perles<\/li>\n<li>sequins (paillettes)<\/li>\n<\/ul>\n<p><strong>LIENS UTILES:<\/strong><\/p>\n<ul>\n<li><strong>Groupe Facebook<\/strong>: si vous \u00eates sur Facebook, n\u2019h\u00e9sitez pas \u00e0 vous joindre au <strong>Groupe des SALs Faby Reilly Designs<\/strong>: <strong><a href=\"https:\/\/www.facebook.com\/groups\/FRDSALS\/\" target=\"_blank\" rel=\"noopener noreferrer\">https:\/\/www.facebook.com\/groups\/FRDSALS\/<\/a><\/strong> o\u00f9 je serai disponible pour r\u00e9pondre \u00e0 vos questions, et o\u00f9 nous pourrons tous et toutes admirer nos travaux respectifs tout au long du SAL!<\/li>\n<\/ul>\n<p>&nbsp;<\/p>\n<p>Pour <span style=\"color: #b1918c;\"><strong>davantage de photos<\/strong><\/span> ou pour voir les <span style=\"color: #b1918c;\"><strong>r\u00e9alisations d\u2019autres brodeurs\/brodeuses<\/strong><\/span>, voir la <a href=\"https:\/\/www.pinterest.fr\/fabyreilly\/jacquie-gallery\/\" target=\"_blank\" rel=\"noopener\"><strong>Galerie Jacquie<\/strong><\/a>.<\/p>\n<p>Vous avez une question ? N&#8217;h\u00e9sitez pas \u00e0 me <strong><a href=\"https:\/\/fabyreilly.com\/info\/contact\/\">contacter<\/a><\/strong>!<\/p>\n","protected":false},"excerpt":{"rendered":"<p>Le <span style=\"color: #b1917c;\"><strong>Livret Magique Jacquie<\/strong><\/span> est maintenant enti\u00e8rement d\u00e9voil\u00e9 \u2013 il n\u2019y aura donc plus de nouvelle publication. Cela dit, il n\u2019y a pas de date limite pour le broder. Les nouveaux membres sont donc bien s\u00fbr bienvenus \u00e0 tout moment !<\/p>\n<p>Qu&#8217;est-ce qui rend donc ce livret si magique, dites-vous ? Il est \u00e0 double-face et il a une double charni\u00e8re, ce qui fait qu&#8217;il n&#8217;a ni recto, no verso !<\/p>\n<p>Voir <strong>l&#8217;onglet Description<\/strong> pour plus d&#8217;infos. Allez aussi jeter un coup d&#8217;\u0153il sur <strong>l&#8217;onglet Vid\u00e9o<\/strong> pour une petite d\u00e9mo !<\/p>\n","protected":false},"featured_media":164754,"comment_status":"open","ping_status":"closed","template":"","meta":{"_coblocks_attr":"","_coblocks_dimensions":"","_coblocks_responsive_height":"","_coblocks_accordion_ie_support":"","_crdt_document":"","jetpack_publicize_message":"","jetpack_publicize_feature_enabled":true,"jetpack_social_post_already_shared":true,"jetpack_social_options":{"image_generator_settings":{"template":"highway","default_image_id":0,"font":"","enabled":false},"version":2},"_wpas_customize_per_network":false},"product_brand":[],"product_cat":[650086186,650086449,650086177],"product_tag":[650086195,650086178],"class_list":{"0":"post-159823","1":"product","2":"type-product","3":"status-publish","4":"has-post-thumbnail","6":"product_cat-modeles-automne-hiver","7":"product_cat-modeles-avec-animaux","8":"product_cat-modeles-printemps-ete","9":"product_tag-expert-fr","10":"product_tag-intermediaire","11":"pa_collection-collection-jacquie","12":"pa_colour-argente","13":"pa_colour-bleu","14":"pa_embellishments-feutrine","15":"pa_embellishments-fils-metalliques","16":"pa_embellishments-paillettes-sequins","17":"pa_embellishments-perles","18":"pa_shape-livrets-a-aiguilles","19":"pa_skill-level-intermediaire","20":"pa_skill-level-avance","21":"pa_special-stitches-elements-en-relief","22":"pa_special-stitches-perles","23":"pa_special-stitches-point-arriere-surjete","24":"pa_special-stitches-point-doeillet","25":"pa_special-stitches-point-de-chainette","26":"pa_special-stitches-point-de-noeud-point-colonial","27":"pa_special-stitches-point-de-picot-reprise","28":"pa_special-stitches-point-rococo","29":"pa_special-stitches-points-fractionnels","30":"pa_tags-grands-modeles","31":"pa_tags-scintillant","32":"pa_tags-tri-fils","33":"pa_techniques-noeuds","34":"pa_techniques-point-arriere","35":"pa_techniques-points-speciaux","36":"pa_theme-insectes-creatures-animaux","38":"first","39":"instock","40":"downloadable","41":"virtual","42":"purchasable","43":"product-type-simple"},"yoast_head":"<!-- This site is optimized with the Yoast SEO plugin v27.5 - https:\/\/yoast.com\/product\/yoast-seo-wordpress\/ -->\n<title>Livret Magique Jacquie - Faby Reilly Designs<\/title>\n<meta name=\"robots\" content=\"index, follow, max-snippet:-1, max-image-preview:large, max-video-preview:-1\" \/>\n<link rel=\"canonical\" href=\"https:\/\/fabyreilly.com\/fr\/produit\/jacquie-sal-magic-needlebook\/\" \/>\n<meta property=\"og:locale\" content=\"fr_FR\" \/>\n<meta property=\"og:type\" content=\"article\" \/>\n<meta property=\"og:title\" content=\"Livret Magique Jacquie - Faby Reilly Designs\" \/>\n<meta property=\"og:description\" content=\"Le Livret Magique Jacquie est maintenant enti\u00e8rement d\u00e9voil\u00e9 \u2013 il n\u2019y aura donc plus de nouvelle publication. Cela dit, il n\u2019y a pas de date limite pour le broder. Les nouveaux membres sont donc bien s\u00fbr bienvenus \u00e0 tout moment ! Qu&#039;est-ce qui rend donc ce livret si magique, dites-vous ? Il est \u00e0 double-face et il a une double charni\u00e8re, ce qui fait qu&#039;il n&#039;a ni recto, no verso ! Voir l&#039;onglet Description pour plus d&#039;infos. Allez aussi jeter un coup d&#039;\u0153il sur l&#039;onglet Vid\u00e9o pour une petite d\u00e9mo !\" \/>\n<meta property=\"og:url\" content=\"https:\/\/fabyreilly.com\/fr\/produit\/jacquie-sal-magic-needlebook\/\" \/>\n<meta property=\"og:site_name\" content=\"Faby Reilly Designs\" \/>\n<meta property=\"article:publisher\" content=\"https:\/\/www.facebook.com\/FabyReillyDesigns\/\" \/>\n<meta property=\"article:modified_time\" content=\"2026-02-06T15:31:52+00:00\" \/>\n<meta property=\"og:image\" content=\"https:\/\/fabyreilly.com\/wp-content\/uploads\/2021\/06\/Jacquie-Magic-Needlebook-02-1024x1024.jpg\" \/>\n\t<meta property=\"og:image:width\" content=\"1024\" \/>\n\t<meta property=\"og:image:height\" content=\"1024\" \/>\n\t<meta property=\"og:image:type\" content=\"image\/jpeg\" \/>\n<meta name=\"twitter:card\" content=\"summary_large_image\" \/>\n<meta name=\"twitter:site\" content=\"@FabyReilly\" \/>\n<meta name=\"twitter:label1\" content=\"Dur\u00e9e de lecture estim\u00e9e\" \/>\n\t<meta name=\"twitter:data1\" content=\"2 minutes\" \/>\n<script type=\"application\/ld+json\" class=\"yoast-schema-graph\">{\"@context\":\"https:\\\/\\\/schema.org\",\"@graph\":[{\"@type\":\"WebPage\",\"@id\":\"https:\\\/\\\/fabyreilly.com\\\/fr\\\/produit\\\/jacquie-sal-magic-needlebook\\\/\",\"url\":\"https:\\\/\\\/fabyreilly.com\\\/fr\\\/produit\\\/jacquie-sal-magic-needlebook\\\/\",\"name\":\"Livret Magique Jacquie - Faby Reilly Designs\",\"isPartOf\":{\"@id\":\"https:\\\/\\\/fabyreilly.com\\\/fr\\\/#website\"},\"primaryImageOfPage\":{\"@id\":\"https:\\\/\\\/fabyreilly.com\\\/fr\\\/produit\\\/jacquie-sal-magic-needlebook\\\/#primaryimage\"},\"image\":{\"@id\":\"https:\\\/\\\/fabyreilly.com\\\/fr\\\/produit\\\/jacquie-sal-magic-needlebook\\\/#primaryimage\"},\"thumbnailUrl\":\"https:\\\/\\\/i0.wp.com\\\/fabyreilly.com\\\/wp-content\\\/uploads\\\/2021\\\/06\\\/Jacquie-Needlebook-01-Faby-Reilly-Designs.jpg?fit=2000%2C2000&ssl=1\",\"datePublished\":\"2021-06-01T13:32:12+00:00\",\"dateModified\":\"2026-02-06T15:31:52+00:00\",\"breadcrumb\":{\"@id\":\"https:\\\/\\\/fabyreilly.com\\\/fr\\\/produit\\\/jacquie-sal-magic-needlebook\\\/#breadcrumb\"},\"inLanguage\":\"fr-FR\",\"potentialAction\":[{\"@type\":\"ReadAction\",\"target\":[\"https:\\\/\\\/fabyreilly.com\\\/fr\\\/produit\\\/jacquie-sal-magic-needlebook\\\/\"]}]},{\"@type\":\"ImageObject\",\"inLanguage\":\"fr-FR\",\"@id\":\"https:\\\/\\\/fabyreilly.com\\\/fr\\\/produit\\\/jacquie-sal-magic-needlebook\\\/#primaryimage\",\"url\":\"https:\\\/\\\/i0.wp.com\\\/fabyreilly.com\\\/wp-content\\\/uploads\\\/2021\\\/06\\\/Jacquie-Needlebook-01-Faby-Reilly-Designs.jpg?fit=2000%2C2000&ssl=1\",\"contentUrl\":\"https:\\\/\\\/i0.wp.com\\\/fabyreilly.com\\\/wp-content\\\/uploads\\\/2021\\\/06\\\/Jacquie-Needlebook-01-Faby-Reilly-Designs.jpg?fit=2000%2C2000&ssl=1\",\"width\":2000,\"height\":2000,\"caption\":\"Stitched model for the Jacquie Needlebook by Faby Reilly Designs\"},{\"@type\":\"BreadcrumbList\",\"@id\":\"https:\\\/\\\/fabyreilly.com\\\/fr\\\/produit\\\/jacquie-sal-magic-needlebook\\\/#breadcrumb\",\"itemListElement\":[{\"@type\":\"ListItem\",\"position\":1,\"name\":\"Accueil\",\"item\":\"https:\\\/\\\/fabyreilly.com\\\/fr\\\/\"},{\"@type\":\"ListItem\",\"position\":2,\"name\":\"Boutique\",\"item\":\"https:\\\/\\\/fabyreilly.com\\\/fr\\\/boutique\\\/\"},{\"@type\":\"ListItem\",\"position\":3,\"name\":\"Livret Magique Jacquie\"}]},{\"@type\":\"WebSite\",\"@id\":\"https:\\\/\\\/fabyreilly.com\\\/fr\\\/#website\",\"url\":\"https:\\\/\\\/fabyreilly.com\\\/fr\\\/\",\"name\":\"Faby Reilly Designs\",\"description\":\"Brodez avec style et \u00e9l\u00e9gance\",\"publisher\":{\"@id\":\"https:\\\/\\\/fabyreilly.com\\\/fr\\\/#organization\"},\"alternateName\":\"FRD\",\"potentialAction\":[{\"@type\":\"SearchAction\",\"target\":{\"@type\":\"EntryPoint\",\"urlTemplate\":\"https:\\\/\\\/fabyreilly.com\\\/fr\\\/?s={search_term_string}\"},\"query-input\":{\"@type\":\"PropertyValueSpecification\",\"valueRequired\":true,\"valueName\":\"search_term_string\"}}],\"inLanguage\":\"fr-FR\"},{\"@type\":\"Organization\",\"@id\":\"https:\\\/\\\/fabyreilly.com\\\/fr\\\/#organization\",\"name\":\"Faby Reilly Designs\",\"alternateName\":\"FRD\",\"url\":\"https:\\\/\\\/fabyreilly.com\\\/fr\\\/\",\"logo\":{\"@type\":\"ImageObject\",\"inLanguage\":\"fr-FR\",\"@id\":\"https:\\\/\\\/fabyreilly.com\\\/fr\\\/#\\\/schema\\\/logo\\\/image\\\/\",\"url\":\"https:\\\/\\\/i0.wp.com\\\/fabyreilly.com\\\/wp-content\\\/uploads\\\/2026\\\/04\\\/FRD-Tag-Logo.png?fit=600%2C250&ssl=1\",\"contentUrl\":\"https:\\\/\\\/i0.wp.com\\\/fabyreilly.com\\\/wp-content\\\/uploads\\\/2026\\\/04\\\/FRD-Tag-Logo.png?fit=600%2C250&ssl=1\",\"width\":600,\"height\":250,\"caption\":\"Faby Reilly Designs\"},\"image\":{\"@id\":\"https:\\\/\\\/fabyreilly.com\\\/fr\\\/#\\\/schema\\\/logo\\\/image\\\/\"},\"sameAs\":[\"https:\\\/\\\/www.facebook.com\\\/FabyReillyDesigns\\\/\",\"https:\\\/\\\/x.com\\\/FabyReilly\",\"https:\\\/\\\/www.instagram.com\\\/fabyreillydesigns\\\/\",\"https:\\\/\\\/www.pinterest.fr\\\/fabyreilly\\\/\"]}]}<\/script>\n<!-- \/ Yoast SEO plugin. -->","yoast_head_json":{"title":"Livret Magique Jacquie - Faby Reilly Designs","robots":{"index":"index","follow":"follow","max-snippet":"max-snippet:-1","max-image-preview":"max-image-preview:large","max-video-preview":"max-video-preview:-1"},"canonical":"https:\/\/fabyreilly.com\/fr\/produit\/jacquie-sal-magic-needlebook\/","og_locale":"fr_FR","og_type":"article","og_title":"Livret Magique Jacquie - Faby Reilly Designs","og_description":"Le Livret Magique Jacquie est maintenant enti\u00e8rement d\u00e9voil\u00e9 \u2013 il n\u2019y aura donc plus de nouvelle publication. Cela dit, il n\u2019y a pas de date limite pour le broder. Les nouveaux membres sont donc bien s\u00fbr bienvenus \u00e0 tout moment ! Qu'est-ce qui rend donc ce livret si magique, dites-vous ? Il est \u00e0 double-face et il a une double charni\u00e8re, ce qui fait qu'il n'a ni recto, no verso ! Voir l'onglet Description pour plus d'infos. Allez aussi jeter un coup d'\u0153il sur l'onglet Vid\u00e9o pour une petite d\u00e9mo !","og_url":"https:\/\/fabyreilly.com\/fr\/produit\/jacquie-sal-magic-needlebook\/","og_site_name":"Faby Reilly Designs","article_publisher":"https:\/\/www.facebook.com\/FabyReillyDesigns\/","article_modified_time":"2026-02-06T15:31:52+00:00","og_image":[{"width":1024,"height":1024,"url":"https:\/\/fabyreilly.com\/wp-content\/uploads\/2021\/06\/Jacquie-Magic-Needlebook-02-1024x1024.jpg","type":"image\/jpeg"}],"twitter_card":"summary_large_image","twitter_site":"@FabyReilly","twitter_misc":{"Dur\u00e9e de lecture estim\u00e9e":"2 minutes"},"schema":{"@context":"https:\/\/schema.org","@graph":[{"@type":"WebPage","@id":"https:\/\/fabyreilly.com\/fr\/produit\/jacquie-sal-magic-needlebook\/","url":"https:\/\/fabyreilly.com\/fr\/produit\/jacquie-sal-magic-needlebook\/","name":"Livret Magique Jacquie - Faby Reilly Designs","isPartOf":{"@id":"https:\/\/fabyreilly.com\/fr\/#website"},"primaryImageOfPage":{"@id":"https:\/\/fabyreilly.com\/fr\/produit\/jacquie-sal-magic-needlebook\/#primaryimage"},"image":{"@id":"https:\/\/fabyreilly.com\/fr\/produit\/jacquie-sal-magic-needlebook\/#primaryimage"},"thumbnailUrl":"https:\/\/i0.wp.com\/fabyreilly.com\/wp-content\/uploads\/2021\/06\/Jacquie-Needlebook-01-Faby-Reilly-Designs.jpg?fit=2000%2C2000&ssl=1","datePublished":"2021-06-01T13:32:12+00:00","dateModified":"2026-02-06T15:31:52+00:00","breadcrumb":{"@id":"https:\/\/fabyreilly.com\/fr\/produit\/jacquie-sal-magic-needlebook\/#breadcrumb"},"inLanguage":"fr-FR","potentialAction":[{"@type":"ReadAction","target":["https:\/\/fabyreilly.com\/fr\/produit\/jacquie-sal-magic-needlebook\/"]}]},{"@type":"ImageObject","inLanguage":"fr-FR","@id":"https:\/\/fabyreilly.com\/fr\/produit\/jacquie-sal-magic-needlebook\/#primaryimage","url":"https:\/\/i0.wp.com\/fabyreilly.com\/wp-content\/uploads\/2021\/06\/Jacquie-Needlebook-01-Faby-Reilly-Designs.jpg?fit=2000%2C2000&ssl=1","contentUrl":"https:\/\/i0.wp.com\/fabyreilly.com\/wp-content\/uploads\/2021\/06\/Jacquie-Needlebook-01-Faby-Reilly-Designs.jpg?fit=2000%2C2000&ssl=1","width":2000,"height":2000,"caption":"Stitched model for the Jacquie Needlebook by Faby Reilly Designs"},{"@type":"BreadcrumbList","@id":"https:\/\/fabyreilly.com\/fr\/produit\/jacquie-sal-magic-needlebook\/#breadcrumb","itemListElement":[{"@type":"ListItem","position":1,"name":"Accueil","item":"https:\/\/fabyreilly.com\/fr\/"},{"@type":"ListItem","position":2,"name":"Boutique","item":"https:\/\/fabyreilly.com\/fr\/boutique\/"},{"@type":"ListItem","position":3,"name":"Livret Magique Jacquie"}]},{"@type":"WebSite","@id":"https:\/\/fabyreilly.com\/fr\/#website","url":"https:\/\/fabyreilly.com\/fr\/","name":"Faby Reilly Designs","description":"Brodez avec style et \u00e9l\u00e9gance","publisher":{"@id":"https:\/\/fabyreilly.com\/fr\/#organization"},"alternateName":"FRD","potentialAction":[{"@type":"SearchAction","target":{"@type":"EntryPoint","urlTemplate":"https:\/\/fabyreilly.com\/fr\/?s={search_term_string}"},"query-input":{"@type":"PropertyValueSpecification","valueRequired":true,"valueName":"search_term_string"}}],"inLanguage":"fr-FR"},{"@type":"Organization","@id":"https:\/\/fabyreilly.com\/fr\/#organization","name":"Faby Reilly Designs","alternateName":"FRD","url":"https:\/\/fabyreilly.com\/fr\/","logo":{"@type":"ImageObject","inLanguage":"fr-FR","@id":"https:\/\/fabyreilly.com\/fr\/#\/schema\/logo\/image\/","url":"https:\/\/i0.wp.com\/fabyreilly.com\/wp-content\/uploads\/2026\/04\/FRD-Tag-Logo.png?fit=600%2C250&ssl=1","contentUrl":"https:\/\/i0.wp.com\/fabyreilly.com\/wp-content\/uploads\/2026\/04\/FRD-Tag-Logo.png?fit=600%2C250&ssl=1","width":600,"height":250,"caption":"Faby Reilly Designs"},"image":{"@id":"https:\/\/fabyreilly.com\/fr\/#\/schema\/logo\/image\/"},"sameAs":["https:\/\/www.facebook.com\/FabyReillyDesigns\/","https:\/\/x.com\/FabyReilly","https:\/\/www.instagram.com\/fabyreillydesigns\/","https:\/\/www.pinterest.fr\/fabyreilly\/"]}]}},"jetpack_publicize_connections":[],"jetpack_likes_enabled":true,"jetpack_sharing_enabled":true,"_links":{"self":[{"href":"https:\/\/fabyreilly.com\/fr\/wp-json\/wp\/v2\/product\/159823","targetHints":{"allow":["GET"]}}],"collection":[{"href":"https:\/\/fabyreilly.com\/fr\/wp-json\/wp\/v2\/product"}],"about":[{"href":"https:\/\/fabyreilly.com\/fr\/wp-json\/wp\/v2\/types\/product"}],"replies":[{"embeddable":true,"href":"https:\/\/fabyreilly.com\/fr\/wp-json\/wp\/v2\/comments?post=159823"}],"wp:featuredmedia":[{"embeddable":true,"href":"https:\/\/fabyreilly.com\/fr\/wp-json\/wp\/v2\/media\/164754"}],"wp:attachment":[{"href":"https:\/\/fabyreilly.com\/fr\/wp-json\/wp\/v2\/media?parent=159823"}],"wp:term":[{"taxonomy":"product_brand","embeddable":true,"href":"https:\/\/fabyreilly.com\/fr\/wp-json\/wp\/v2\/product_brand?post=159823"},{"taxonomy":"product_cat","embeddable":true,"href":"https:\/\/fabyreilly.com\/fr\/wp-json\/wp\/v2\/product_cat?post=159823"},{"taxonomy":"product_tag","embeddable":true,"href":"https:\/\/fabyreilly.com\/fr\/wp-json\/wp\/v2\/product_tag?post=159823"}],"curies":[{"name":"wp","href":"https:\/\/api.w.org\/{rel}","templated":true}]}}