{"id":159143,"date":"2019-01-18T12:25:53","date_gmt":"2019-01-18T11:25:53","guid":{"rendered":"https:\/\/fabyreilly.com\/product\/etui-a-mouchoirs-bouquet-hivernal\/"},"modified":"2026-02-15T18:09:07","modified_gmt":"2026-02-15T17:09:07","slug":"etui-a-mouchoirs-bouquet-hivernal","status":"publish","type":"product","link":"https:\/\/fabyreilly.com\/fr\/produit\/etui-a-mouchoirs-bouquet-hivernal\/","title":{"rendered":"\u00c9tui \u00e0 Mouchoirs Bouquet Hivernal"},"content":{"rendered":"<p><strong>FORMAT<\/strong>: mod\u00e8le PDF en <strong><span style=\"color: #b1917c;\">T\u00c9L\u00c9CHARGEMENT<\/span><\/strong> (disponible en fran\u00e7ais et en anglais)<\/p>\n<p><strong>TAILLE<\/strong>: 38 x 192 points (pour la section principale) + 14 x 68 points (pour chaque cot\u00e9 de l&#8217;\u00e9tui)<\/p>\n<p><strong>DIMENSIONS DE LA SURFACE BROD\u00c9E<\/strong> <span style=\"color: #999999;\">(sur la toile recommand\u00e9e)<\/span>: 11 x 6 x 2.5 cm <span style=\"color: #999999;\">(4.5&#8243; x 2.5&#8243; x 1&#8243;)<\/span><\/p>\n<p><strong>FOURNITURES<\/strong>:<\/p>\n<ul>\n<li>Lin Zweigart 32ct<\/li>\n<li>Fils moulin\u00e9s DMC<\/li>\n<li>Fils m\u00e9tallis\u00e9s DMC Diamant<\/li>\n<li>Perles Mill Hill<\/li>\n<\/ul>\n<p><strong>CONTENU<\/strong>:<\/p>\n<ul>\n<li>la liste d\u00e9taill\u00e9e des <span style=\"color: #b1917c;\"><strong>fournitures<\/strong><\/span> n\u00e9cessaires<\/li>\n<li>la <span style=\"color: #b1917c;\"><strong>l\u00e9gende<\/strong><\/span> &amp; les <span style=\"color: #b1917c;\"><strong>diagrammes<\/strong><\/span><\/li>\n<li>un <span style=\"color: #b1917c;\"><strong>alphabet<\/strong><\/span> complet (pour personnaliser le mod\u00e8le)<\/li>\n<li>un <span style=\"color: #b1917c;\"><strong>tutoriel des points sp\u00e9ciaux<\/strong><\/span> (perles, point d\u2019araign\u00e9e, point d\u2019araign\u00e9e surjet\u00e9, point de n\u0153ud \/ point Colonial, point d\u2019\u0153illet rond avec paillette, point Rococo)<\/li>\n<li>un <span style=\"color: #b1917c;\"><strong>tutoriel des finitions<\/strong><\/span> pour assembler ce projet<\/li>\n<\/ul>\n<p><strong>AUTRES ID\u00c9ES DE FINITIONS<\/strong>: cet \u00e9tui est con\u00e7u pour abriter un paquet de mouchoirs, mais il convient aussi parfaitement pour ranger un sac r\u00e9utilisable. Une fa\u00e7on tr\u00e8s style de vous assurer que vous en avez toujours un dans votre sac \u00e0 main!<\/p>\n<p>Vous avez une question ? N&#8217;h\u00e9sitez pas \u00e0 me <strong><a href=\"https:\/\/fabyreilly.com\/info\/contact\/\">contacter<\/a><\/strong>!<\/p>\n","protected":false},"excerpt":{"rendered":"<p>Mod\u00e8le PDF pour broder un \u00e9tui \u00e0 mouchoirs compos\u00e9 de jolies fleurs hivernales dans de doux tons pastels, et rehauss\u00e9 de points sp\u00e9ciaux, fil argent\u00e9, perles et sequins, pour un rendu tout en brillance.<\/p>\n","protected":false},"featured_media":167155,"comment_status":"open","ping_status":"closed","template":"","meta":{"_coblocks_attr":"","_coblocks_dimensions":"","_coblocks_responsive_height":"","_coblocks_accordion_ie_support":"","_crdt_document":"","jetpack_publicize_message":"","jetpack_publicize_feature_enabled":true,"jetpack_social_post_already_shared":true,"jetpack_social_options":{"image_generator_settings":{"template":"highway","default_image_id":0,"font":"","enabled":false},"version":2},"_wpas_customize_per_network":false},"product_brand":[],"product_cat":[650086457,650086186,650086176,650086177],"product_tag":[650086185],"class_list":{"0":"post-159143","1":"product","2":"type-product","3":"status-publish","4":"has-post-thumbnail","6":"product_cat-foire-aux-promos","7":"product_cat-modeles-automne-hiver","8":"product_cat-modeles-personnalisables","9":"product_cat-modeles-printemps-ete","10":"product_tag-avance","11":"pa_collection-collection-bouquet-hivernal","12":"pa_colour-violet","13":"pa_embellishments-fils-metalliques","14":"pa_embellishments-paillettes-sequins","15":"pa_embellishments-perles","16":"pa_shape-pochettes","17":"pa_shape-pochons","18":"pa_skill-level-avance","19":"pa_special-stitches-perles","20":"pa_special-stitches-point-daraignee-surjete","21":"pa_special-stitches-point-doeillet-rond","22":"pa_special-stitches-point-daraignee","23":"pa_special-stitches-point-de-bouclette","24":"pa_special-stitches-point-de-noeud-point-colonial","25":"pa_special-stitches-point-rococo","26":"pa_tags-fleurs","27":"pa_tags-scintillant","28":"pa_techniques-point-arriere","29":"pa_techniques-points-speciaux","30":"pa_theme-printemps","32":"first","33":"instock","34":"sale","35":"downloadable","36":"virtual","37":"purchasable","38":"product-type-simple"},"yoast_head":"<!-- This site is optimized with the Yoast SEO plugin v27.5 - https:\/\/yoast.com\/product\/yoast-seo-wordpress\/ -->\n<title>\u00c9tui \u00e0 Mouchoirs Bouquet Hivernal - Faby Reilly Designs<\/title>\n<meta name=\"robots\" content=\"index, follow, max-snippet:-1, max-image-preview:large, max-video-preview:-1\" \/>\n<link rel=\"canonical\" href=\"https:\/\/fabyreilly.com\/fr\/produit\/etui-a-mouchoirs-bouquet-hivernal\/\" \/>\n<meta property=\"og:locale\" content=\"fr_FR\" \/>\n<meta property=\"og:type\" content=\"article\" \/>\n<meta property=\"og:title\" content=\"\u00c9tui \u00e0 Mouchoirs Bouquet Hivernal - Faby Reilly Designs\" \/>\n<meta property=\"og:description\" content=\"Mod\u00e8le PDF pour broder un \u00e9tui \u00e0 mouchoirs compos\u00e9 de jolies fleurs hivernales dans de doux tons pastels, et rehauss\u00e9 de points sp\u00e9ciaux, fil argent\u00e9, perles et sequins, pour un rendu tout en brillance.\" \/>\n<meta property=\"og:url\" content=\"https:\/\/fabyreilly.com\/fr\/produit\/etui-a-mouchoirs-bouquet-hivernal\/\" \/>\n<meta property=\"og:site_name\" content=\"Faby Reilly Designs\" \/>\n<meta property=\"article:publisher\" content=\"https:\/\/www.facebook.com\/FabyReillyDesigns\/\" \/>\n<meta property=\"article:modified_time\" content=\"2026-02-15T17:09:07+00:00\" \/>\n<meta property=\"og:image\" content=\"https:\/\/i0.wp.com\/fabyreilly.com\/wp-content\/uploads\/2016\/11\/wintry-blooms-tissue-case-sqr-01.jpg?fit=800%2C800&ssl=1\" \/>\n\t<meta property=\"og:image:width\" content=\"800\" \/>\n\t<meta property=\"og:image:height\" content=\"800\" \/>\n\t<meta property=\"og:image:type\" content=\"image\/jpeg\" \/>\n<meta name=\"twitter:card\" content=\"summary_large_image\" \/>\n<meta name=\"twitter:site\" content=\"@FabyReilly\" \/>\n<meta name=\"twitter:label1\" content=\"Dur\u00e9e de lecture estim\u00e9e\" \/>\n\t<meta name=\"twitter:data1\" content=\"1 minute\" \/>\n<script type=\"application\/ld+json\" class=\"yoast-schema-graph\">{\"@context\":\"https:\\\/\\\/schema.org\",\"@graph\":[{\"@type\":\"WebPage\",\"@id\":\"https:\\\/\\\/fabyreilly.com\\\/fr\\\/produit\\\/etui-a-mouchoirs-bouquet-hivernal\\\/\",\"url\":\"https:\\\/\\\/fabyreilly.com\\\/fr\\\/produit\\\/etui-a-mouchoirs-bouquet-hivernal\\\/\",\"name\":\"\u00c9tui \u00e0 Mouchoirs Bouquet Hivernal - Faby Reilly Designs\",\"isPartOf\":{\"@id\":\"https:\\\/\\\/fabyreilly.com\\\/fr\\\/#website\"},\"primaryImageOfPage\":{\"@id\":\"https:\\\/\\\/fabyreilly.com\\\/fr\\\/produit\\\/etui-a-mouchoirs-bouquet-hivernal\\\/#primaryimage\"},\"image\":{\"@id\":\"https:\\\/\\\/fabyreilly.com\\\/fr\\\/produit\\\/etui-a-mouchoirs-bouquet-hivernal\\\/#primaryimage\"},\"thumbnailUrl\":\"https:\\\/\\\/i0.wp.com\\\/fabyreilly.com\\\/wp-content\\\/uploads\\\/2019\\\/01\\\/Wintry-Blooms-Tissue-Case-01A-Faby-Reilly-Designs.jpg?fit=2000%2C2000&ssl=1\",\"datePublished\":\"2019-01-18T11:25:53+00:00\",\"dateModified\":\"2026-02-15T17:09:07+00:00\",\"breadcrumb\":{\"@id\":\"https:\\\/\\\/fabyreilly.com\\\/fr\\\/produit\\\/etui-a-mouchoirs-bouquet-hivernal\\\/#breadcrumb\"},\"inLanguage\":\"fr-FR\",\"potentialAction\":[{\"@type\":\"ReadAction\",\"target\":[\"https:\\\/\\\/fabyreilly.com\\\/fr\\\/produit\\\/etui-a-mouchoirs-bouquet-hivernal\\\/\"]}]},{\"@type\":\"ImageObject\",\"inLanguage\":\"fr-FR\",\"@id\":\"https:\\\/\\\/fabyreilly.com\\\/fr\\\/produit\\\/etui-a-mouchoirs-bouquet-hivernal\\\/#primaryimage\",\"url\":\"https:\\\/\\\/i0.wp.com\\\/fabyreilly.com\\\/wp-content\\\/uploads\\\/2019\\\/01\\\/Wintry-Blooms-Tissue-Case-01A-Faby-Reilly-Designs.jpg?fit=2000%2C2000&ssl=1\",\"contentUrl\":\"https:\\\/\\\/i0.wp.com\\\/fabyreilly.com\\\/wp-content\\\/uploads\\\/2019\\\/01\\\/Wintry-Blooms-Tissue-Case-01A-Faby-Reilly-Designs.jpg?fit=2000%2C2000&ssl=1\",\"width\":2000,\"height\":2000,\"caption\":\"Wintry Blooms Tissue Case 01A - Faby Reilly Designs.jpg\"},{\"@type\":\"BreadcrumbList\",\"@id\":\"https:\\\/\\\/fabyreilly.com\\\/fr\\\/produit\\\/etui-a-mouchoirs-bouquet-hivernal\\\/#breadcrumb\",\"itemListElement\":[{\"@type\":\"ListItem\",\"position\":1,\"name\":\"Accueil\",\"item\":\"https:\\\/\\\/fabyreilly.com\\\/fr\\\/\"},{\"@type\":\"ListItem\",\"position\":2,\"name\":\"Boutique\",\"item\":\"https:\\\/\\\/fabyreilly.com\\\/fr\\\/boutique\\\/\"},{\"@type\":\"ListItem\",\"position\":3,\"name\":\"\u00c9tui \u00e0 Mouchoirs Bouquet Hivernal\"}]},{\"@type\":\"WebSite\",\"@id\":\"https:\\\/\\\/fabyreilly.com\\\/fr\\\/#website\",\"url\":\"https:\\\/\\\/fabyreilly.com\\\/fr\\\/\",\"name\":\"Faby Reilly Designs\",\"description\":\"Brodez avec style et \u00e9l\u00e9gance\",\"publisher\":{\"@id\":\"https:\\\/\\\/fabyreilly.com\\\/fr\\\/#organization\"},\"alternateName\":\"FRD\",\"potentialAction\":[{\"@type\":\"SearchAction\",\"target\":{\"@type\":\"EntryPoint\",\"urlTemplate\":\"https:\\\/\\\/fabyreilly.com\\\/fr\\\/?s={search_term_string}\"},\"query-input\":{\"@type\":\"PropertyValueSpecification\",\"valueRequired\":true,\"valueName\":\"search_term_string\"}}],\"inLanguage\":\"fr-FR\"},{\"@type\":\"Organization\",\"@id\":\"https:\\\/\\\/fabyreilly.com\\\/fr\\\/#organization\",\"name\":\"Faby Reilly Designs\",\"alternateName\":\"FRD\",\"url\":\"https:\\\/\\\/fabyreilly.com\\\/fr\\\/\",\"logo\":{\"@type\":\"ImageObject\",\"inLanguage\":\"fr-FR\",\"@id\":\"https:\\\/\\\/fabyreilly.com\\\/fr\\\/#\\\/schema\\\/logo\\\/image\\\/\",\"url\":\"https:\\\/\\\/i0.wp.com\\\/fabyreilly.com\\\/wp-content\\\/uploads\\\/2026\\\/04\\\/FRD-Tag-Logo.png?fit=600%2C250&ssl=1\",\"contentUrl\":\"https:\\\/\\\/i0.wp.com\\\/fabyreilly.com\\\/wp-content\\\/uploads\\\/2026\\\/04\\\/FRD-Tag-Logo.png?fit=600%2C250&ssl=1\",\"width\":600,\"height\":250,\"caption\":\"Faby Reilly Designs\"},\"image\":{\"@id\":\"https:\\\/\\\/fabyreilly.com\\\/fr\\\/#\\\/schema\\\/logo\\\/image\\\/\"},\"sameAs\":[\"https:\\\/\\\/www.facebook.com\\\/FabyReillyDesigns\\\/\",\"https:\\\/\\\/x.com\\\/FabyReilly\",\"https:\\\/\\\/www.instagram.com\\\/fabyreillydesigns\\\/\",\"https:\\\/\\\/www.pinterest.fr\\\/fabyreilly\\\/\"]}]}<\/script>\n<!-- \/ Yoast SEO plugin. -->","yoast_head_json":{"title":"\u00c9tui \u00e0 Mouchoirs Bouquet Hivernal - Faby Reilly Designs","robots":{"index":"index","follow":"follow","max-snippet":"max-snippet:-1","max-image-preview":"max-image-preview:large","max-video-preview":"max-video-preview:-1"},"canonical":"https:\/\/fabyreilly.com\/fr\/produit\/etui-a-mouchoirs-bouquet-hivernal\/","og_locale":"fr_FR","og_type":"article","og_title":"\u00c9tui \u00e0 Mouchoirs Bouquet Hivernal - Faby Reilly Designs","og_description":"Mod\u00e8le PDF pour broder un \u00e9tui \u00e0 mouchoirs compos\u00e9 de jolies fleurs hivernales dans de doux tons pastels, et rehauss\u00e9 de points sp\u00e9ciaux, fil argent\u00e9, perles et sequins, pour un rendu tout en brillance.","og_url":"https:\/\/fabyreilly.com\/fr\/produit\/etui-a-mouchoirs-bouquet-hivernal\/","og_site_name":"Faby Reilly Designs","article_publisher":"https:\/\/www.facebook.com\/FabyReillyDesigns\/","article_modified_time":"2026-02-15T17:09:07+00:00","og_image":[{"width":800,"height":800,"url":"https:\/\/i0.wp.com\/fabyreilly.com\/wp-content\/uploads\/2016\/11\/wintry-blooms-tissue-case-sqr-01.jpg?fit=800%2C800&ssl=1","type":"image\/jpeg"}],"twitter_card":"summary_large_image","twitter_site":"@FabyReilly","twitter_misc":{"Dur\u00e9e de lecture estim\u00e9e":"1 minute"},"schema":{"@context":"https:\/\/schema.org","@graph":[{"@type":"WebPage","@id":"https:\/\/fabyreilly.com\/fr\/produit\/etui-a-mouchoirs-bouquet-hivernal\/","url":"https:\/\/fabyreilly.com\/fr\/produit\/etui-a-mouchoirs-bouquet-hivernal\/","name":"\u00c9tui \u00e0 Mouchoirs Bouquet Hivernal - Faby Reilly Designs","isPartOf":{"@id":"https:\/\/fabyreilly.com\/fr\/#website"},"primaryImageOfPage":{"@id":"https:\/\/fabyreilly.com\/fr\/produit\/etui-a-mouchoirs-bouquet-hivernal\/#primaryimage"},"image":{"@id":"https:\/\/fabyreilly.com\/fr\/produit\/etui-a-mouchoirs-bouquet-hivernal\/#primaryimage"},"thumbnailUrl":"https:\/\/i0.wp.com\/fabyreilly.com\/wp-content\/uploads\/2019\/01\/Wintry-Blooms-Tissue-Case-01A-Faby-Reilly-Designs.jpg?fit=2000%2C2000&ssl=1","datePublished":"2019-01-18T11:25:53+00:00","dateModified":"2026-02-15T17:09:07+00:00","breadcrumb":{"@id":"https:\/\/fabyreilly.com\/fr\/produit\/etui-a-mouchoirs-bouquet-hivernal\/#breadcrumb"},"inLanguage":"fr-FR","potentialAction":[{"@type":"ReadAction","target":["https:\/\/fabyreilly.com\/fr\/produit\/etui-a-mouchoirs-bouquet-hivernal\/"]}]},{"@type":"ImageObject","inLanguage":"fr-FR","@id":"https:\/\/fabyreilly.com\/fr\/produit\/etui-a-mouchoirs-bouquet-hivernal\/#primaryimage","url":"https:\/\/i0.wp.com\/fabyreilly.com\/wp-content\/uploads\/2019\/01\/Wintry-Blooms-Tissue-Case-01A-Faby-Reilly-Designs.jpg?fit=2000%2C2000&ssl=1","contentUrl":"https:\/\/i0.wp.com\/fabyreilly.com\/wp-content\/uploads\/2019\/01\/Wintry-Blooms-Tissue-Case-01A-Faby-Reilly-Designs.jpg?fit=2000%2C2000&ssl=1","width":2000,"height":2000,"caption":"Wintry Blooms Tissue Case 01A - Faby Reilly Designs.jpg"},{"@type":"BreadcrumbList","@id":"https:\/\/fabyreilly.com\/fr\/produit\/etui-a-mouchoirs-bouquet-hivernal\/#breadcrumb","itemListElement":[{"@type":"ListItem","position":1,"name":"Accueil","item":"https:\/\/fabyreilly.com\/fr\/"},{"@type":"ListItem","position":2,"name":"Boutique","item":"https:\/\/fabyreilly.com\/fr\/boutique\/"},{"@type":"ListItem","position":3,"name":"\u00c9tui \u00e0 Mouchoirs Bouquet Hivernal"}]},{"@type":"WebSite","@id":"https:\/\/fabyreilly.com\/fr\/#website","url":"https:\/\/fabyreilly.com\/fr\/","name":"Faby Reilly Designs","description":"Brodez avec style et \u00e9l\u00e9gance","publisher":{"@id":"https:\/\/fabyreilly.com\/fr\/#organization"},"alternateName":"FRD","potentialAction":[{"@type":"SearchAction","target":{"@type":"EntryPoint","urlTemplate":"https:\/\/fabyreilly.com\/fr\/?s={search_term_string}"},"query-input":{"@type":"PropertyValueSpecification","valueRequired":true,"valueName":"search_term_string"}}],"inLanguage":"fr-FR"},{"@type":"Organization","@id":"https:\/\/fabyreilly.com\/fr\/#organization","name":"Faby Reilly Designs","alternateName":"FRD","url":"https:\/\/fabyreilly.com\/fr\/","logo":{"@type":"ImageObject","inLanguage":"fr-FR","@id":"https:\/\/fabyreilly.com\/fr\/#\/schema\/logo\/image\/","url":"https:\/\/i0.wp.com\/fabyreilly.com\/wp-content\/uploads\/2026\/04\/FRD-Tag-Logo.png?fit=600%2C250&ssl=1","contentUrl":"https:\/\/i0.wp.com\/fabyreilly.com\/wp-content\/uploads\/2026\/04\/FRD-Tag-Logo.png?fit=600%2C250&ssl=1","width":600,"height":250,"caption":"Faby Reilly Designs"},"image":{"@id":"https:\/\/fabyreilly.com\/fr\/#\/schema\/logo\/image\/"},"sameAs":["https:\/\/www.facebook.com\/FabyReillyDesigns\/","https:\/\/x.com\/FabyReilly","https:\/\/www.instagram.com\/fabyreillydesigns\/","https:\/\/www.pinterest.fr\/fabyreilly\/"]}]}},"jetpack_publicize_connections":[],"jetpack_likes_enabled":true,"jetpack_sharing_enabled":true,"_links":{"self":[{"href":"https:\/\/fabyreilly.com\/fr\/wp-json\/wp\/v2\/product\/159143","targetHints":{"allow":["GET"]}}],"collection":[{"href":"https:\/\/fabyreilly.com\/fr\/wp-json\/wp\/v2\/product"}],"about":[{"href":"https:\/\/fabyreilly.com\/fr\/wp-json\/wp\/v2\/types\/product"}],"replies":[{"embeddable":true,"href":"https:\/\/fabyreilly.com\/fr\/wp-json\/wp\/v2\/comments?post=159143"}],"wp:featuredmedia":[{"embeddable":true,"href":"https:\/\/fabyreilly.com\/fr\/wp-json\/wp\/v2\/media\/167155"}],"wp:attachment":[{"href":"https:\/\/fabyreilly.com\/fr\/wp-json\/wp\/v2\/media?parent=159143"}],"wp:term":[{"taxonomy":"product_brand","embeddable":true,"href":"https:\/\/fabyreilly.com\/fr\/wp-json\/wp\/v2\/product_brand?post=159143"},{"taxonomy":"product_cat","embeddable":true,"href":"https:\/\/fabyreilly.com\/fr\/wp-json\/wp\/v2\/product_cat?post=159143"},{"taxonomy":"product_tag","embeddable":true,"href":"https:\/\/fabyreilly.com\/fr\/wp-json\/wp\/v2\/product_tag?post=159143"}],"curies":[{"name":"wp","href":"https:\/\/api.w.org\/{rel}","templated":true}]}}