{"id":159067,"date":"2019-05-15T17:00:37","date_gmt":"2019-05-15T15:00:37","guid":{"rendered":"https:\/\/fabyreilly.com\/product\/etui-a-ciseaux-lilas\/"},"modified":"2024-07-21T21:47:44","modified_gmt":"2024-07-21T19:47:44","slug":"etui-a-ciseaux-lilas","status":"publish","type":"product","link":"https:\/\/fabyreilly.com\/fr\/produit\/etui-a-ciseaux-lilas\/","title":{"rendered":"Etui \u00e0 ciseaux Lilas"},"content":{"rendered":"<p><strong>FORMAT<\/strong>: mod\u00e8le PDF en <strong><span style=\"color: #b1917c;\">T\u00c9L\u00c9CHARGEMENT<\/span><\/strong> (disponible en fran\u00e7ais et en anglais)<\/p>\n<p><strong>TAILLE<\/strong>: 80 x 80 points (pour l&#8217;\u00e9tui \u00e0 ciseaux) + 32 x 32 points (pour chaque face de la breloque)<\/p>\n<p><strong>DIMENSIONS DE LA SURFACE BROD\u00c9E<\/strong> <span style=\"color: #999999;\">(sur la toile recommand\u00e9e)<\/span>: 13 x 13 cm <span style=\"color: #808080;\">(5\u2033 x 5\u2033)<\/span> + 5 x 5 cm<span style=\"color: #808080;\"> (2\u2033 x 2\u2033)<\/span><\/p>\n<p><strong>FOURNITURES<\/strong>:<\/p>\n<ul>\n<li>Lin Zweigart 32ct<\/li>\n<li>Fils moulin\u00e9s DMC<\/li>\n<li>Fils m\u00e9tallis\u00e9s DMC Diamant<\/li>\n<li>Perles Mill Hill<\/li>\n<\/ul>\n<p><strong>CONTENU<\/strong>:<\/p>\n<ul>\n<li>la liste d\u00e9taill\u00e9e des <span style=\"color: #b1917c;\"><strong>fournitures<\/strong><\/span> n\u00e9cessaires<\/li>\n<li>la <span style=\"color: #b1917c;\"><strong>l\u00e9gende<\/strong><\/span> &amp; les <span style=\"color: #b1917c;\"><strong>diagrammes<\/strong><\/span><\/li>\n<li>un <span style=\"color: #b1917c;\"><strong>tutoriel des points sp\u00e9ciaux<\/strong><\/span> (perles, point de riz, point d\u2019\u0153illet rond avec paillette)<\/li>\n<li>un <span style=\"color: #b1917c;\"><strong>tutoriel des finitions<\/strong><\/span> pour assembler ce projet<\/li>\n<li>+ EN CADEAU : <span style=\"color: #b1917c;\"><strong>pages BONUS exclusives<\/strong><\/span> (dans les deux langues) avec tri-fils imprimable et des versions suppl\u00e9mentaires du diagramme<\/li>\n<\/ul>\n<p>Vous avez une question ? N&#8217;h\u00e9sitez pas \u00e0 <a href=\"https:\/\/fabyreilly.com\/info\/contact\/\">me contacter<\/a>!<\/p>\n","protected":false},"excerpt":{"rendered":"<p>Mod\u00e8le PDF pour broder ce bel \u00e9tui \u00e0 ciseaux &#8211; on entendrait presque le vol des bourdons buttinant de fleur en fleur !<br \/>\nCe mod\u00e8le repr\u00e9sente des grapes de lilas en pleine floraison. Il est rehauss\u00e9 de points sp\u00e9ciaux, de perles, de paillettes et de fils argent\u00e9s.<br \/>\nUne fois assembl\u00e9, cet \u00e9tui \u00e0 ciseaux convient \u00e0 merveille pour des ciseaux jusqu&#8217;\u00e0 11 cm <span style=\"color: #808080;\">(4.5\u2033)<\/span> de long.<\/p>\n","protected":false},"featured_media":165987,"comment_status":"open","ping_status":"closed","template":"","meta":{"_coblocks_attr":"","_coblocks_dimensions":"","_coblocks_responsive_height":"","_coblocks_accordion_ie_support":"","_crdt_document":"","jetpack_publicize_message":"","jetpack_publicize_feature_enabled":true,"jetpack_social_post_already_shared":true,"jetpack_social_options":{"image_generator_settings":{"template":"highway","default_image_id":0,"font":"","enabled":false},"version":2},"_wpas_customize_per_network":false},"product_brand":[],"product_cat":[650086177],"product_tag":[650086178],"class_list":{"0":"post-159067","1":"product","2":"type-product","3":"status-publish","4":"has-post-thumbnail","6":"product_cat-modeles-printemps-ete","7":"product_tag-intermediaire","8":"pa_collection-collection-lilas","9":"pa_colour-violet","10":"pa_embellishments-fils-metalliques","11":"pa_embellishments-paillettes-sequins","12":"pa_embellishments-perles","13":"pa_shape-accessoires-de-broderie","14":"pa_shape-etuis-a-ciseaux","15":"pa_skill-level-intermediaire","16":"pa_special-stitches-perles","17":"pa_special-stitches-point-doeillet-rond","18":"pa_special-stitches-point-de-riz","19":"pa_tags-fleurs","20":"pa_tags-petits-modeles","21":"pa_tags-tri-fils","22":"pa_techniques-point-arriere","23":"pa_techniques-points-speciaux","24":"pa_theme-insectes-creatures-animaux","25":"pa_theme-printemps","27":"first","28":"instock","29":"downloadable","30":"virtual","31":"purchasable","32":"product-type-simple"},"yoast_head":"<!-- This site is optimized with the Yoast SEO plugin v27.4 - https:\/\/yoast.com\/product\/yoast-seo-wordpress\/ -->\n<title>Etui \u00e0 ciseaux Lilas - Faby Reilly Designs<\/title>\n<meta name=\"robots\" content=\"index, follow, max-snippet:-1, max-image-preview:large, max-video-preview:-1\" \/>\n<link rel=\"canonical\" href=\"https:\/\/fabyreilly.com\/fr\/produit\/etui-a-ciseaux-lilas\/\" \/>\n<meta property=\"og:locale\" content=\"fr_FR\" \/>\n<meta property=\"og:type\" content=\"article\" \/>\n<meta property=\"og:title\" content=\"Etui \u00e0 ciseaux Lilas - Faby Reilly Designs\" \/>\n<meta property=\"og:description\" content=\"Mod\u00e8le PDF pour broder ce bel \u00e9tui \u00e0 ciseaux - on entendrait presque le vol des bourdons buttinant de fleur en fleur ! Ce mod\u00e8le repr\u00e9sente des grapes de lilas en pleine floraison. Il est rehauss\u00e9 de points sp\u00e9ciaux, de perles, de paillettes et de fils argent\u00e9s. Une fois assembl\u00e9, cet \u00e9tui \u00e0 ciseaux convient \u00e0 merveille pour des ciseaux jusqu&#039;\u00e0 11 cm (4.5\u2033) de long.\" \/>\n<meta property=\"og:url\" content=\"https:\/\/fabyreilly.com\/fr\/produit\/etui-a-ciseaux-lilas\/\" \/>\n<meta property=\"og:site_name\" content=\"Faby Reilly Designs\" \/>\n<meta property=\"article:publisher\" content=\"https:\/\/www.facebook.com\/FabyReillyDesigns\/\" \/>\n<meta property=\"article:modified_time\" content=\"2024-07-21T19:47:44+00:00\" \/>\n<meta property=\"og:image\" content=\"https:\/\/i0.wp.com\/fabyreilly.com\/wp-content\/uploads\/2019\/05\/Lilac-Scissor-Case-FRD-01-min.jpg?fit=1500%2C1500&ssl=1\" \/>\n\t<meta property=\"og:image:width\" content=\"1500\" \/>\n\t<meta property=\"og:image:height\" content=\"1500\" \/>\n\t<meta property=\"og:image:type\" content=\"image\/jpeg\" \/>\n<meta name=\"twitter:card\" content=\"summary_large_image\" \/>\n<meta name=\"twitter:site\" content=\"@FabyReilly\" \/>\n<meta name=\"twitter:label1\" content=\"Dur\u00e9e de lecture estim\u00e9e\" \/>\n\t<meta name=\"twitter:data1\" content=\"1 minute\" \/>\n<script type=\"application\/ld+json\" class=\"yoast-schema-graph\">{\"@context\":\"https:\\\/\\\/schema.org\",\"@graph\":[{\"@type\":\"WebPage\",\"@id\":\"https:\\\/\\\/fabyreilly.com\\\/fr\\\/produit\\\/etui-a-ciseaux-lilas\\\/\",\"url\":\"https:\\\/\\\/fabyreilly.com\\\/fr\\\/produit\\\/etui-a-ciseaux-lilas\\\/\",\"name\":\"Etui \u00e0 ciseaux Lilas - Faby Reilly Designs\",\"isPartOf\":{\"@id\":\"https:\\\/\\\/fabyreilly.com\\\/fr\\\/#website\"},\"primaryImageOfPage\":{\"@id\":\"https:\\\/\\\/fabyreilly.com\\\/fr\\\/produit\\\/etui-a-ciseaux-lilas\\\/#primaryimage\"},\"image\":{\"@id\":\"https:\\\/\\\/fabyreilly.com\\\/fr\\\/produit\\\/etui-a-ciseaux-lilas\\\/#primaryimage\"},\"thumbnailUrl\":\"https:\\\/\\\/i0.wp.com\\\/fabyreilly.com\\\/wp-content\\\/uploads\\\/2019\\\/05\\\/Lilac-scissor-case-01-Faby-Reilly-Designs.jpg?fit=2000%2C2000&ssl=1\",\"datePublished\":\"2019-05-15T15:00:37+00:00\",\"dateModified\":\"2024-07-21T19:47:44+00:00\",\"breadcrumb\":{\"@id\":\"https:\\\/\\\/fabyreilly.com\\\/fr\\\/produit\\\/etui-a-ciseaux-lilas\\\/#breadcrumb\"},\"inLanguage\":\"fr-FR\",\"potentialAction\":[{\"@type\":\"ReadAction\",\"target\":[\"https:\\\/\\\/fabyreilly.com\\\/fr\\\/produit\\\/etui-a-ciseaux-lilas\\\/\"]}]},{\"@type\":\"ImageObject\",\"inLanguage\":\"fr-FR\",\"@id\":\"https:\\\/\\\/fabyreilly.com\\\/fr\\\/produit\\\/etui-a-ciseaux-lilas\\\/#primaryimage\",\"url\":\"https:\\\/\\\/i0.wp.com\\\/fabyreilly.com\\\/wp-content\\\/uploads\\\/2019\\\/05\\\/Lilac-scissor-case-01-Faby-Reilly-Designs.jpg?fit=2000%2C2000&ssl=1\",\"contentUrl\":\"https:\\\/\\\/i0.wp.com\\\/fabyreilly.com\\\/wp-content\\\/uploads\\\/2019\\\/05\\\/Lilac-scissor-case-01-Faby-Reilly-Designs.jpg?fit=2000%2C2000&ssl=1\",\"width\":2000,\"height\":2000,\"caption\":\"Lilac Scissor Case - Faby Reilly Designs\"},{\"@type\":\"BreadcrumbList\",\"@id\":\"https:\\\/\\\/fabyreilly.com\\\/fr\\\/produit\\\/etui-a-ciseaux-lilas\\\/#breadcrumb\",\"itemListElement\":[{\"@type\":\"ListItem\",\"position\":1,\"name\":\"Accueil\",\"item\":\"https:\\\/\\\/fabyreilly.com\\\/fr\\\/\"},{\"@type\":\"ListItem\",\"position\":2,\"name\":\"Boutique\",\"item\":\"https:\\\/\\\/fabyreilly.com\\\/fr\\\/boutique\\\/\"},{\"@type\":\"ListItem\",\"position\":3,\"name\":\"Etui \u00e0 ciseaux Lilas\"}]},{\"@type\":\"WebSite\",\"@id\":\"https:\\\/\\\/fabyreilly.com\\\/fr\\\/#website\",\"url\":\"https:\\\/\\\/fabyreilly.com\\\/fr\\\/\",\"name\":\"Faby Reilly Designs\",\"description\":\"Brodez avec style et \u00e9l\u00e9gance\",\"publisher\":{\"@id\":\"https:\\\/\\\/fabyreilly.com\\\/fr\\\/#organization\"},\"alternateName\":\"FRD\",\"potentialAction\":[{\"@type\":\"SearchAction\",\"target\":{\"@type\":\"EntryPoint\",\"urlTemplate\":\"https:\\\/\\\/fabyreilly.com\\\/fr\\\/?s={search_term_string}\"},\"query-input\":{\"@type\":\"PropertyValueSpecification\",\"valueRequired\":true,\"valueName\":\"search_term_string\"}}],\"inLanguage\":\"fr-FR\"},{\"@type\":\"Organization\",\"@id\":\"https:\\\/\\\/fabyreilly.com\\\/fr\\\/#organization\",\"name\":\"Faby Reilly Designs\",\"alternateName\":\"FRD\",\"url\":\"https:\\\/\\\/fabyreilly.com\\\/fr\\\/\",\"logo\":{\"@type\":\"ImageObject\",\"inLanguage\":\"fr-FR\",\"@id\":\"https:\\\/\\\/fabyreilly.com\\\/fr\\\/#\\\/schema\\\/logo\\\/image\\\/\",\"url\":\"https:\\\/\\\/i0.wp.com\\\/fabyreilly.com\\\/wp-content\\\/uploads\\\/2026\\\/04\\\/FRD-Tag-Logo.png?fit=600%2C250&ssl=1\",\"contentUrl\":\"https:\\\/\\\/i0.wp.com\\\/fabyreilly.com\\\/wp-content\\\/uploads\\\/2026\\\/04\\\/FRD-Tag-Logo.png?fit=600%2C250&ssl=1\",\"width\":600,\"height\":250,\"caption\":\"Faby Reilly Designs\"},\"image\":{\"@id\":\"https:\\\/\\\/fabyreilly.com\\\/fr\\\/#\\\/schema\\\/logo\\\/image\\\/\"},\"sameAs\":[\"https:\\\/\\\/www.facebook.com\\\/FabyReillyDesigns\\\/\",\"https:\\\/\\\/x.com\\\/FabyReilly\",\"https:\\\/\\\/www.instagram.com\\\/fabyreillydesigns\\\/\",\"https:\\\/\\\/www.pinterest.fr\\\/fabyreilly\\\/\"]}]}<\/script>\n<!-- \/ Yoast SEO plugin. -->","yoast_head_json":{"title":"Etui \u00e0 ciseaux Lilas - Faby Reilly Designs","robots":{"index":"index","follow":"follow","max-snippet":"max-snippet:-1","max-image-preview":"max-image-preview:large","max-video-preview":"max-video-preview:-1"},"canonical":"https:\/\/fabyreilly.com\/fr\/produit\/etui-a-ciseaux-lilas\/","og_locale":"fr_FR","og_type":"article","og_title":"Etui \u00e0 ciseaux Lilas - Faby Reilly Designs","og_description":"Mod\u00e8le PDF pour broder ce bel \u00e9tui \u00e0 ciseaux - on entendrait presque le vol des bourdons buttinant de fleur en fleur ! Ce mod\u00e8le repr\u00e9sente des grapes de lilas en pleine floraison. Il est rehauss\u00e9 de points sp\u00e9ciaux, de perles, de paillettes et de fils argent\u00e9s. Une fois assembl\u00e9, cet \u00e9tui \u00e0 ciseaux convient \u00e0 merveille pour des ciseaux jusqu'\u00e0 11 cm (4.5\u2033) de long.","og_url":"https:\/\/fabyreilly.com\/fr\/produit\/etui-a-ciseaux-lilas\/","og_site_name":"Faby Reilly Designs","article_publisher":"https:\/\/www.facebook.com\/FabyReillyDesigns\/","article_modified_time":"2024-07-21T19:47:44+00:00","og_image":[{"width":1500,"height":1500,"url":"https:\/\/i0.wp.com\/fabyreilly.com\/wp-content\/uploads\/2019\/05\/Lilac-Scissor-Case-FRD-01-min.jpg?fit=1500%2C1500&ssl=1","type":"image\/jpeg"}],"twitter_card":"summary_large_image","twitter_site":"@FabyReilly","twitter_misc":{"Dur\u00e9e de lecture estim\u00e9e":"1 minute"},"schema":{"@context":"https:\/\/schema.org","@graph":[{"@type":"WebPage","@id":"https:\/\/fabyreilly.com\/fr\/produit\/etui-a-ciseaux-lilas\/","url":"https:\/\/fabyreilly.com\/fr\/produit\/etui-a-ciseaux-lilas\/","name":"Etui \u00e0 ciseaux Lilas - Faby Reilly Designs","isPartOf":{"@id":"https:\/\/fabyreilly.com\/fr\/#website"},"primaryImageOfPage":{"@id":"https:\/\/fabyreilly.com\/fr\/produit\/etui-a-ciseaux-lilas\/#primaryimage"},"image":{"@id":"https:\/\/fabyreilly.com\/fr\/produit\/etui-a-ciseaux-lilas\/#primaryimage"},"thumbnailUrl":"https:\/\/i0.wp.com\/fabyreilly.com\/wp-content\/uploads\/2019\/05\/Lilac-scissor-case-01-Faby-Reilly-Designs.jpg?fit=2000%2C2000&ssl=1","datePublished":"2019-05-15T15:00:37+00:00","dateModified":"2024-07-21T19:47:44+00:00","breadcrumb":{"@id":"https:\/\/fabyreilly.com\/fr\/produit\/etui-a-ciseaux-lilas\/#breadcrumb"},"inLanguage":"fr-FR","potentialAction":[{"@type":"ReadAction","target":["https:\/\/fabyreilly.com\/fr\/produit\/etui-a-ciseaux-lilas\/"]}]},{"@type":"ImageObject","inLanguage":"fr-FR","@id":"https:\/\/fabyreilly.com\/fr\/produit\/etui-a-ciseaux-lilas\/#primaryimage","url":"https:\/\/i0.wp.com\/fabyreilly.com\/wp-content\/uploads\/2019\/05\/Lilac-scissor-case-01-Faby-Reilly-Designs.jpg?fit=2000%2C2000&ssl=1","contentUrl":"https:\/\/i0.wp.com\/fabyreilly.com\/wp-content\/uploads\/2019\/05\/Lilac-scissor-case-01-Faby-Reilly-Designs.jpg?fit=2000%2C2000&ssl=1","width":2000,"height":2000,"caption":"Lilac Scissor Case - Faby Reilly Designs"},{"@type":"BreadcrumbList","@id":"https:\/\/fabyreilly.com\/fr\/produit\/etui-a-ciseaux-lilas\/#breadcrumb","itemListElement":[{"@type":"ListItem","position":1,"name":"Accueil","item":"https:\/\/fabyreilly.com\/fr\/"},{"@type":"ListItem","position":2,"name":"Boutique","item":"https:\/\/fabyreilly.com\/fr\/boutique\/"},{"@type":"ListItem","position":3,"name":"Etui \u00e0 ciseaux Lilas"}]},{"@type":"WebSite","@id":"https:\/\/fabyreilly.com\/fr\/#website","url":"https:\/\/fabyreilly.com\/fr\/","name":"Faby Reilly Designs","description":"Brodez avec style et \u00e9l\u00e9gance","publisher":{"@id":"https:\/\/fabyreilly.com\/fr\/#organization"},"alternateName":"FRD","potentialAction":[{"@type":"SearchAction","target":{"@type":"EntryPoint","urlTemplate":"https:\/\/fabyreilly.com\/fr\/?s={search_term_string}"},"query-input":{"@type":"PropertyValueSpecification","valueRequired":true,"valueName":"search_term_string"}}],"inLanguage":"fr-FR"},{"@type":"Organization","@id":"https:\/\/fabyreilly.com\/fr\/#organization","name":"Faby Reilly Designs","alternateName":"FRD","url":"https:\/\/fabyreilly.com\/fr\/","logo":{"@type":"ImageObject","inLanguage":"fr-FR","@id":"https:\/\/fabyreilly.com\/fr\/#\/schema\/logo\/image\/","url":"https:\/\/i0.wp.com\/fabyreilly.com\/wp-content\/uploads\/2026\/04\/FRD-Tag-Logo.png?fit=600%2C250&ssl=1","contentUrl":"https:\/\/i0.wp.com\/fabyreilly.com\/wp-content\/uploads\/2026\/04\/FRD-Tag-Logo.png?fit=600%2C250&ssl=1","width":600,"height":250,"caption":"Faby Reilly Designs"},"image":{"@id":"https:\/\/fabyreilly.com\/fr\/#\/schema\/logo\/image\/"},"sameAs":["https:\/\/www.facebook.com\/FabyReillyDesigns\/","https:\/\/x.com\/FabyReilly","https:\/\/www.instagram.com\/fabyreillydesigns\/","https:\/\/www.pinterest.fr\/fabyreilly\/"]}]}},"jetpack_publicize_connections":[],"jetpack_likes_enabled":true,"jetpack_sharing_enabled":true,"_links":{"self":[{"href":"https:\/\/fabyreilly.com\/fr\/wp-json\/wp\/v2\/product\/159067","targetHints":{"allow":["GET"]}}],"collection":[{"href":"https:\/\/fabyreilly.com\/fr\/wp-json\/wp\/v2\/product"}],"about":[{"href":"https:\/\/fabyreilly.com\/fr\/wp-json\/wp\/v2\/types\/product"}],"replies":[{"embeddable":true,"href":"https:\/\/fabyreilly.com\/fr\/wp-json\/wp\/v2\/comments?post=159067"}],"wp:featuredmedia":[{"embeddable":true,"href":"https:\/\/fabyreilly.com\/fr\/wp-json\/wp\/v2\/media\/165987"}],"wp:attachment":[{"href":"https:\/\/fabyreilly.com\/fr\/wp-json\/wp\/v2\/media?parent=159067"}],"wp:term":[{"taxonomy":"product_brand","embeddable":true,"href":"https:\/\/fabyreilly.com\/fr\/wp-json\/wp\/v2\/product_brand?post=159067"},{"taxonomy":"product_cat","embeddable":true,"href":"https:\/\/fabyreilly.com\/fr\/wp-json\/wp\/v2\/product_cat?post=159067"},{"taxonomy":"product_tag","embeddable":true,"href":"https:\/\/fabyreilly.com\/fr\/wp-json\/wp\/v2\/product_tag?post=159067"}],"curies":[{"name":"wp","href":"https:\/\/api.w.org\/{rel}","templated":true}]}}